{"id":5672,"date":"2020-02-14T21:52:10","date_gmt":"2020-02-14T21:52:10","guid":{"rendered":"https:\/\/the-getaway-van.com\/politica-de-privacidade\/"},"modified":"2020-10-27T14:49:12","modified_gmt":"2020-10-27T14:49:12","slug":"politica-de-privacidade","status":"publish","type":"page","link":"https:\/\/the-getaway-van.com\/pt-pt\/politica-de-privacidade\/","title":{"rendered":"Pol\u00edtica de Privacidade"},"content":{"rendered":"\t\t<div data-elementor-type=\"wp-page\" data-elementor-id=\"5672\" class=\"elementor elementor-5672 elementor-5039\" data-elementor-post-type=\"page\">\n\t\t\t\t\t\t<section class=\"elementor-section elementor-top-section elementor-element elementor-element-4ab4b0a elementor-section-boxed elementor-section-height-default elementor-section-height-default\" data-id=\"4ab4b0a\" data-element_type=\"section\">\n\t\t\t\t\t\t<div class=\"elementor-container elementor-column-gap-default\">\n\t\t\t\t\t<div class=\"elementor-column elementor-col-25 elementor-top-column elementor-element elementor-element-595a334\" data-id=\"595a334\" data-element_type=\"column\">\n\t\t\t<div class=\"elementor-widget-wrap\">\n\t\t\t\t\t\t\t<\/div>\n\t\t<\/div>\n\t\t\t\t<div class=\"elementor-column elementor-col-50 elementor-top-column elementor-element elementor-element-94ef670\" data-id=\"94ef670\" data-element_type=\"column\">\n\t\t\t<div class=\"elementor-widget-wrap elementor-element-populated\">\n\t\t\t\t\t\t<div class=\"elementor-element elementor-element-1ea375a elementor-widget elementor-widget-heading\" data-id=\"1ea375a\" data-element_type=\"widget\" data-widget_type=\"heading.default\">\n\t\t\t\t<div class=\"elementor-widget-container\">\n\t\t\t\t\t<h1 class=\"elementor-heading-title elementor-size-default\">Pol\u00edtica de Privacidade\n<\/h1>\t\t\t\t<\/div>\n\t\t\t\t<\/div>\n\t\t\t\t<div class=\"elementor-element elementor-element-d2ea21c elementor-widget elementor-widget-text-editor\" data-id=\"d2ea21c\" data-element_type=\"widget\" data-widget_type=\"text-editor.default\">\n\t\t\t\t<div class=\"elementor-widget-container\">\n\t\t\t\t\t\t\t\t\t<p>A THE GETAWAY VAN, LDA reconhece a import\u00e2ncia de proteger os dados pessoais de clientes e visitantes do nosso site. or esse motivo, cri\u00e1mos um conjunto de medidas de seguran\u00e7a que visam a prote\u00e7\u00e3o dos seus dados pessoais.<br \/>Nesta Pol\u00edtica de Privacidade, explicamos qual a finalidade que damos aos seus dados pessoais, como eles s\u00e3o tratados e por quanto tempo os manteremos. Aqui tamb\u00e9m pode encontrar as diferentes maneiras de entrar em contacto connosco e exercer os seus direitos.<br \/>\u00c9 da responsabilidade do utilizador ler atentamente a Pol\u00edtica de Privacidade da THE GETAWAY VAN, LDA. Esta foi redigida de forma clara e simples, a fim de facilitar a sua compreens\u00e3o. Assim, poder\u00e1 decidir livre e voluntariamente se quer fornecer seus dados pessoais.<br \/>\u00c9 da responsabilidade do utilizador garantir que os dados comunicados s\u00e3o verdadeiros, precisos, completos e atuais. O utilizador \u00e9 respons\u00e1vel por qualquer dano ou perda, direta ou indireta, que possa surgir como resultado da n\u00e3o conformidade com este ponto.<br \/>Se os dados inseridos pertencerem a terceiros, o usu\u00e1rio garante que informou esses terceiros sobre as condi\u00e7\u00f5es fornecidas nesta Pol\u00edtica de Privacidade e que ele foi autorizado a fornecer os seus dados \u00e0 THE GETAWAY VAN, LDA, para os fins indicados.<\/p>\n\t\t\t\t\t\t\t\t<\/div>\n\t\t\t\t<\/div>\n\t\t\t\t<div class=\"elementor-element elementor-element-1f7509d elementor-widget elementor-widget-heading\" data-id=\"1f7509d\" data-element_type=\"widget\" data-widget_type=\"heading.default\">\n\t\t\t\t<div class=\"elementor-widget-container\">\n\t\t\t\t\t<h2 class=\"elementor-heading-title elementor-size-default\">Informa\u00e7\u00e3o e Direitos\n<\/h2>\t\t\t\t<\/div>\n\t\t\t\t<\/div>\n\t\t\t\t<div class=\"elementor-element elementor-element-5ff4072 elementor-widget elementor-widget-text-editor\" data-id=\"5ff4072\" data-element_type=\"widget\" data-widget_type=\"text-editor.default\">\n\t\t\t\t<div class=\"elementor-widget-container\">\n\t\t\t\t\t\t\t\t\t<p>A GETAWAY VAN, LDA informa que os dados pessoais fornecidos pelo utilizador ser\u00e3o tratados para os fins descritos abaixo.<br \/>A menos que expressamente indicado pelo utilizador no momento da coleta, todos os dados pessoais coletados s\u00e3o obrigat\u00f3rios, pois s\u00e3o elementos indispens\u00e1veis para a presta\u00e7\u00e3o dos nossos servi\u00e7os. Em caso de falta de dados, a solicita\u00e7\u00e3o n\u00e3o ser\u00e1 processada. Os dados pessoais ser\u00e3o coletados exclusivamente para os fins indicados nesta Pol\u00edtica de Privacidade.<\/p>\n\t\t\t\t\t\t\t\t<\/div>\n\t\t\t\t<\/div>\n\t\t\t\t<div class=\"elementor-element elementor-element-71eb2ec elementor-widget elementor-widget-heading\" data-id=\"71eb2ec\" data-element_type=\"widget\" data-widget_type=\"heading.default\">\n\t\t\t\t<div class=\"elementor-widget-container\">\n\t\t\t\t\t<h2 class=\"elementor-heading-title elementor-size-default\">Finalidade e Tratamento<\/h2>\t\t\t\t<\/div>\n\t\t\t\t<\/div>\n\t\t\t\t<div class=\"elementor-element elementor-element-ab16697 elementor-widget elementor-widget-text-editor\" data-id=\"ab16697\" data-element_type=\"widget\" data-widget_type=\"text-editor.default\">\n\t\t\t\t<div class=\"elementor-widget-container\">\n\t\t\t\t\t\t\t\t\t<p>Os dados pessoais s\u00e3o coletados e processados com o objetivo de gerir e manter o relacionamento contratual desde o momento em que a solicita\u00e7\u00e3o \u00e9 feita pelo utilizador at\u00e9 ao t\u00e9rmino desse relacionamento. Isso inclui verificar se a solicita\u00e7\u00e3o feita pelo utilizador \u00e9 registrada e entregue adequadamente, o desempenho das comunica\u00e7\u00f5es relacionadas \u00e0 presta\u00e7\u00e3o dos servi\u00e7os necess\u00e1rios, bem como o tratamento de reclama\u00e7\u00f5es sobre o servi\u00e7o de informa\u00e7\u00f5es do cliente<br \/>Ao fornecer os dados pessoais, o utilizador concorda em receber comunica\u00e7\u00f5es comerciais e\/ou publicit\u00e1rias. O objetivo \u00e9 manter o utilizador informado sobre produtos e servi\u00e7os que possam interess\u00e1-lo, como descontos e promo\u00e7\u00f5es.<br \/>O utilizador tamb\u00e9m concorda em cumprir a obriga\u00e7\u00e3o legal de comunicar dados pessoais \u00e0s autoridades p\u00fablicas ou \u00f3rg\u00e3os governamentais, se tal comunica\u00e7\u00e3o for exigida por lei.<\/p>\n\t\t\t\t\t\t\t\t<\/div>\n\t\t\t\t<\/div>\n\t\t\t\t<div class=\"elementor-element elementor-element-d53e1fe elementor-widget elementor-widget-heading\" data-id=\"d53e1fe\" data-element_type=\"widget\" data-widget_type=\"heading.default\">\n\t\t\t\t<div class=\"elementor-widget-container\">\n\t\t\t\t\t<h2 class=\"elementor-heading-title elementor-size-default\">Preserva\u00e7\u00e3o de dados pessoais\n<\/h2>\t\t\t\t<\/div>\n\t\t\t\t<\/div>\n\t\t\t\t<div class=\"elementor-element elementor-element-32c2ae0 elementor-widget elementor-widget-text-editor\" data-id=\"32c2ae0\" data-element_type=\"widget\" data-widget_type=\"text-editor.default\">\n\t\t\t\t<div class=\"elementor-widget-container\">\n\t\t\t\t\t\t\t\t\t<p>Os dados pessoais ser\u00e3o processados e mantidos pela THE GETAWAY VAN, LDA durante todo o relacionamento contratual com o utilizador. Os crit\u00e9rios utilizados para estabelecer o per\u00edodo de reten\u00e7\u00e3o de dados s\u00e3o determinados pelos crit\u00e9rios estabelecidos na legisla\u00e7\u00e3o, regulamentos e diretrizes aplic\u00e1veis, bem como pelos requisitos operacionais relacionados \u00e0 gest\u00e3o correta do relacionamento com o utilizador.<\/p>\n\t\t\t\t\t\t\t\t<\/div>\n\t\t\t\t<\/div>\n\t\t\t\t<div class=\"elementor-element elementor-element-77fd701 elementor-widget elementor-widget-heading\" data-id=\"77fd701\" data-element_type=\"widget\" data-widget_type=\"heading.default\">\n\t\t\t\t<div class=\"elementor-widget-container\">\n\t\t\t\t\t<h2 class=\"elementor-heading-title elementor-size-default\">Direitos de uso\n<\/h2>\t\t\t\t<\/div>\n\t\t\t\t<\/div>\n\t\t\t\t<div class=\"elementor-element elementor-element-4e187a7 elementor-widget elementor-widget-text-editor\" data-id=\"4e187a7\" data-element_type=\"widget\" data-widget_type=\"text-editor.default\">\n\t\t\t\t<div class=\"elementor-widget-container\">\n\t\t\t\t\t\t\t\t\t<p>O utilizador pode, a qualquer momento, exercer o seu direito de acesso, retifica\u00e7\u00e3o, cancelamento e elimina\u00e7\u00e3o, bem como seu direito de limitar o processamento e a portabilidade de dados pessoais, fornecendo a sua identidade &#8211; apresentando um documento de identifica\u00e7\u00e3o v\u00e1lido &#8211; para:<\/p>\n<ul>\n<li>Rua do Barroco, 174-214, Fra\u00e7\u00e3o O, Complexo Empresarial do Barroco, 4465-591 Le\u00e7a do Balio, Matosinhos\n<p>Portugal<\/p>\n<\/li>\n<li>+351 229 514 904<\/li>\n<li>+351 925 324 341<\/li>\n<\/ul>\n\t\t\t\t\t\t\t\t<\/div>\n\t\t\t\t<\/div>\n\t\t\t\t<div class=\"elementor-element elementor-element-3ba9c80 elementor-widget elementor-widget-heading\" data-id=\"3ba9c80\" data-element_type=\"widget\" data-widget_type=\"heading.default\">\n\t\t\t\t<div class=\"elementor-widget-container\">\n\t\t\t\t\t<h2 class=\"elementor-heading-title elementor-size-default\">Reivindica\u00e7\u00f5es<\/h2>\t\t\t\t<\/div>\n\t\t\t\t<\/div>\n\t\t\t\t<div class=\"elementor-element elementor-element-66243ae elementor-widget elementor-widget-text-editor\" data-id=\"66243ae\" data-element_type=\"widget\" data-widget_type=\"text-editor.default\">\n\t\t\t\t<div class=\"elementor-widget-container\">\n\t\t\t\t\t\t\t\t\t<p>Se acreditar que THE GETAWAY VAN, LDA violou qualquer um dos direitos acima, pode registrar uma queixa na Comiss\u00e3o Nacional de Prote\u00e7\u00e3o de Dados.<\/p>\n\t\t\t\t\t\t\t\t<\/div>\n\t\t\t\t<\/div>\n\t\t\t\t\t<\/div>\n\t\t<\/div>\n\t\t\t\t<div class=\"elementor-column elementor-col-25 elementor-top-column elementor-element elementor-element-fdad5a5\" data-id=\"fdad5a5\" data-element_type=\"column\">\n\t\t\t<div class=\"elementor-widget-wrap\">\n\t\t\t\t\t\t\t<\/div>\n\t\t<\/div>\n\t\t\t\t\t<\/div>\n\t\t<\/section>\n\t\t\t\t<\/div>\n\t\t","protected":false},"excerpt":{"rendered":"<p>Pol\u00edtica de Privacidade A THE GETAWAY VAN, LDA reconhece a import\u00e2ncia de proteger os dados pessoais de clientes e visitantes do nosso site. or esse motivo, cri\u00e1mos um conjunto de medidas de seguran\u00e7a que visam a prote\u00e7\u00e3o dos seus dados pessoais.Nesta Pol\u00edtica de Privacidade, explicamos qual a finalidade que damos aos seus dados pessoais, como [&hellip;]<\/p>\n","protected":false},"author":3,"featured_media":0,"parent":0,"menu_order":95,"comment_status":"closed","ping_status":"closed","template":"","meta":{"_acf_changed":false,"footnotes":""},"class_list":["post-5672","page","type-page","status-publish","hentry"],"acf":[],"yoast_head":"<!-- This site is optimized with the Yoast SEO plugin v24.4 - https:\/\/yoast.com\/wordpress\/plugins\/seo\/ -->\n<title>Pol\u00edtica de Privacidade - The Getaway Van<\/title>\n<meta name=\"description\" content=\"Tudo que precisade saber sobre a Pol\u00edtica de Privacidade do website da The Getaway Van.\" \/>\n<meta name=\"robots\" content=\"index, follow, max-snippet:-1, max-image-preview:large, max-video-preview:-1\" \/>\n<link rel=\"canonical\" href=\"https:\/\/the-getaway-van.com\/pt-pt\/politica-de-privacidade\/\" \/>\n<meta property=\"og:locale\" content=\"pt_PT\" \/>\n<meta property=\"og:type\" content=\"article\" \/>\n<meta property=\"og:title\" content=\"Pol\u00edtica de Privacidade - The Getaway Van\" \/>\n<meta property=\"og:description\" content=\"Tudo que precisade saber sobre a Pol\u00edtica de Privacidade do website da The Getaway Van.\" \/>\n<meta property=\"og:url\" content=\"https:\/\/the-getaway-van.com\/pt-pt\/politica-de-privacidade\/\" \/>\n<meta property=\"og:site_name\" content=\"The Getaway Van\" \/>\n<meta property=\"article:publisher\" content=\"https:\/\/www.facebook.com\/getawayvan\/\" \/>\n<meta property=\"article:modified_time\" content=\"2020-10-27T14:49:12+00:00\" \/>\n<meta name=\"twitter:card\" content=\"summary_large_image\" \/>\n<meta name=\"twitter:site\" content=\"@getaway_van\" \/>\n<meta name=\"twitter:label1\" content=\"Tempo estimado de leitura\" \/>\n\t<meta name=\"twitter:data1\" content=\"3 minutos\" \/>\n<script type=\"application\/ld+json\" class=\"yoast-schema-graph\">{\"@context\":\"https:\/\/schema.org\",\"@graph\":[{\"@type\":\"WebPage\",\"@id\":\"https:\/\/the-getaway-van.com\/pt-pt\/politica-de-privacidade\/\",\"url\":\"https:\/\/the-getaway-van.com\/pt-pt\/politica-de-privacidade\/\",\"name\":\"Pol\u00edtica de Privacidade - The Getaway Van\",\"isPartOf\":{\"@id\":\"https:\/\/the-getaway-van.com\/pt-pt\/#website\"},\"datePublished\":\"2020-02-14T21:52:10+00:00\",\"dateModified\":\"2020-10-27T14:49:12+00:00\",\"description\":\"Tudo que precisade saber sobre a Pol\u00edtica de Privacidade do website da The Getaway Van.\",\"breadcrumb\":{\"@id\":\"https:\/\/the-getaway-van.com\/pt-pt\/politica-de-privacidade\/#breadcrumb\"},\"inLanguage\":\"pt-PT\",\"potentialAction\":[{\"@type\":\"ReadAction\",\"target\":[\"https:\/\/the-getaway-van.com\/pt-pt\/politica-de-privacidade\/\"]}]},{\"@type\":\"BreadcrumbList\",\"@id\":\"https:\/\/the-getaway-van.com\/pt-pt\/politica-de-privacidade\/#breadcrumb\",\"itemListElement\":[{\"@type\":\"ListItem\",\"position\":1,\"name\":\"Home\",\"item\":\"https:\/\/the-getaway-van.com\/pt-pt\/campervan-rental\/\"},{\"@type\":\"ListItem\",\"position\":2,\"name\":\"Pol\u00edtica de Privacidade\"}]},{\"@type\":\"WebSite\",\"@id\":\"https:\/\/the-getaway-van.com\/pt-pt\/#website\",\"url\":\"https:\/\/the-getaway-van.com\/pt-pt\/\",\"name\":\"The Getaway Van\",\"description\":\"Aluguer de Autocaravanas\",\"publisher\":{\"@id\":\"https:\/\/the-getaway-van.com\/pt-pt\/#organization\"},\"potentialAction\":[{\"@type\":\"SearchAction\",\"target\":{\"@type\":\"EntryPoint\",\"urlTemplate\":\"https:\/\/the-getaway-van.com\/pt-pt\/?s={search_term_string}\"},\"query-input\":{\"@type\":\"PropertyValueSpecification\",\"valueRequired\":true,\"valueName\":\"search_term_string\"}}],\"inLanguage\":\"pt-PT\"},{\"@type\":\"Organization\",\"@id\":\"https:\/\/the-getaway-van.com\/pt-pt\/#organization\",\"name\":\"The Getaway Van\",\"url\":\"https:\/\/the-getaway-van.com\/pt-pt\/\",\"logo\":{\"@type\":\"ImageObject\",\"inLanguage\":\"pt-PT\",\"@id\":\"https:\/\/the-getaway-van.com\/pt-pt\/#\/schema\/logo\/image\/\",\"url\":\"https:\/\/the-getaway-van.com\/wp-content\/uploads\/2020\/02\/TGV-logo.png\",\"contentUrl\":\"https:\/\/the-getaway-van.com\/wp-content\/uploads\/2020\/02\/TGV-logo.png\",\"width\":512,\"height\":512,\"caption\":\"The Getaway Van\"},\"image\":{\"@id\":\"https:\/\/the-getaway-van.com\/pt-pt\/#\/schema\/logo\/image\/\"},\"sameAs\":[\"https:\/\/www.facebook.com\/getawayvan\/\",\"https:\/\/x.com\/getaway_van\",\"https:\/\/www.instagram.com\/getawayvan\/\",\"https:\/\/www.linkedin.com\/company\/the-getaway-van\/\",\"https:\/\/www.pinterest.co.uk\/getawayvan\/\",\"https:\/\/www.youtube.com\/channel\/UCJwXGtMRaMw2D2NyDSW7slA\/\"]}]}<\/script>\n<!-- \/ Yoast SEO plugin. -->","yoast_head_json":{"title":"Pol\u00edtica de Privacidade - The Getaway Van","description":"Tudo que precisade saber sobre a Pol\u00edtica de Privacidade do website da The Getaway Van.","robots":{"index":"index","follow":"follow","max-snippet":"max-snippet:-1","max-image-preview":"max-image-preview:large","max-video-preview":"max-video-preview:-1"},"canonical":"https:\/\/the-getaway-van.com\/pt-pt\/politica-de-privacidade\/","og_locale":"pt_PT","og_type":"article","og_title":"Pol\u00edtica de Privacidade - The Getaway Van","og_description":"Tudo que precisade saber sobre a Pol\u00edtica de Privacidade do website da The Getaway Van.","og_url":"https:\/\/the-getaway-van.com\/pt-pt\/politica-de-privacidade\/","og_site_name":"The Getaway Van","article_publisher":"https:\/\/www.facebook.com\/getawayvan\/","article_modified_time":"2020-10-27T14:49:12+00:00","twitter_card":"summary_large_image","twitter_site":"@getaway_van","twitter_misc":{"Tempo estimado de leitura":"3 minutos"},"schema":{"@context":"https:\/\/schema.org","@graph":[{"@type":"WebPage","@id":"https:\/\/the-getaway-van.com\/pt-pt\/politica-de-privacidade\/","url":"https:\/\/the-getaway-van.com\/pt-pt\/politica-de-privacidade\/","name":"Pol\u00edtica de Privacidade - The Getaway Van","isPartOf":{"@id":"https:\/\/the-getaway-van.com\/pt-pt\/#website"},"datePublished":"2020-02-14T21:52:10+00:00","dateModified":"2020-10-27T14:49:12+00:00","description":"Tudo que precisade saber sobre a Pol\u00edtica de Privacidade do website da The Getaway Van.","breadcrumb":{"@id":"https:\/\/the-getaway-van.com\/pt-pt\/politica-de-privacidade\/#breadcrumb"},"inLanguage":"pt-PT","potentialAction":[{"@type":"ReadAction","target":["https:\/\/the-getaway-van.com\/pt-pt\/politica-de-privacidade\/"]}]},{"@type":"BreadcrumbList","@id":"https:\/\/the-getaway-van.com\/pt-pt\/politica-de-privacidade\/#breadcrumb","itemListElement":[{"@type":"ListItem","position":1,"name":"Home","item":"https:\/\/the-getaway-van.com\/pt-pt\/campervan-rental\/"},{"@type":"ListItem","position":2,"name":"Pol\u00edtica de Privacidade"}]},{"@type":"WebSite","@id":"https:\/\/the-getaway-van.com\/pt-pt\/#website","url":"https:\/\/the-getaway-van.com\/pt-pt\/","name":"The Getaway Van","description":"Aluguer de Autocaravanas","publisher":{"@id":"https:\/\/the-getaway-van.com\/pt-pt\/#organization"},"potentialAction":[{"@type":"SearchAction","target":{"@type":"EntryPoint","urlTemplate":"https:\/\/the-getaway-van.com\/pt-pt\/?s={search_term_string}"},"query-input":{"@type":"PropertyValueSpecification","valueRequired":true,"valueName":"search_term_string"}}],"inLanguage":"pt-PT"},{"@type":"Organization","@id":"https:\/\/the-getaway-van.com\/pt-pt\/#organization","name":"The Getaway Van","url":"https:\/\/the-getaway-van.com\/pt-pt\/","logo":{"@type":"ImageObject","inLanguage":"pt-PT","@id":"https:\/\/the-getaway-van.com\/pt-pt\/#\/schema\/logo\/image\/","url":"https:\/\/the-getaway-van.com\/wp-content\/uploads\/2020\/02\/TGV-logo.png","contentUrl":"https:\/\/the-getaway-van.com\/wp-content\/uploads\/2020\/02\/TGV-logo.png","width":512,"height":512,"caption":"The Getaway Van"},"image":{"@id":"https:\/\/the-getaway-van.com\/pt-pt\/#\/schema\/logo\/image\/"},"sameAs":["https:\/\/www.facebook.com\/getawayvan\/","https:\/\/x.com\/getaway_van","https:\/\/www.instagram.com\/getawayvan\/","https:\/\/www.linkedin.com\/company\/the-getaway-van\/","https:\/\/www.pinterest.co.uk\/getawayvan\/","https:\/\/www.youtube.com\/channel\/UCJwXGtMRaMw2D2NyDSW7slA\/"]}]}},"_links":{"self":[{"href":"https:\/\/the-getaway-van.com\/pt-pt\/wp-json\/wp\/v2\/pages\/5672","targetHints":{"allow":["GET"]}}],"collection":[{"href":"https:\/\/the-getaway-van.com\/pt-pt\/wp-json\/wp\/v2\/pages"}],"about":[{"href":"https:\/\/the-getaway-van.com\/pt-pt\/wp-json\/wp\/v2\/types\/page"}],"author":[{"embeddable":true,"href":"https:\/\/the-getaway-van.com\/pt-pt\/wp-json\/wp\/v2\/users\/3"}],"replies":[{"embeddable":true,"href":"https:\/\/the-getaway-van.com\/pt-pt\/wp-json\/wp\/v2\/comments?post=5672"}],"version-history":[{"count":0,"href":"https:\/\/the-getaway-van.com\/pt-pt\/wp-json\/wp\/v2\/pages\/5672\/revisions"}],"wp:attachment":[{"href":"https:\/\/the-getaway-van.com\/pt-pt\/wp-json\/wp\/v2\/media?parent=5672"}],"curies":[{"name":"wp","href":"https:\/\/api.w.org\/{rel}","templated":true}]}}