{"id":5625,"date":"2017-03-06T18:22:50","date_gmt":"2017-03-06T18:22:50","guid":{"rendered":"https:\/\/the-getaway-van.com\/extras\/"},"modified":"2021-04-13T13:59:11","modified_gmt":"2021-04-13T13:59:11","slug":"extras","status":"publish","type":"page","link":"https:\/\/the-getaway-van.com\/pt-pt\/extras\/","title":{"rendered":"Extras que pode adicionar ao seu aluguer com a The Getaway Van."},"content":{"rendered":"\t\t<div data-elementor-type=\"wp-post\" data-elementor-id=\"5625\" class=\"elementor elementor-5625 elementor-15\" data-elementor-post-type=\"page\">\n\t\t\t\t\t\t<section class=\"elementor-section elementor-top-section elementor-element elementor-element-50kbj8i elementor-section-height-min-height elementor-section-stretched elementor-section-full_width elementor-section-height-default elementor-section-items-middle\" data-id=\"50kbj8i\" data-element_type=\"section\" data-settings=\"{&quot;background_background&quot;:&quot;classic&quot;,&quot;shape_divider_bottom&quot;:&quot;triangle-asymmetrical&quot;,&quot;stretch_section&quot;:&quot;section-stretched&quot;}\">\n\t\t\t\t\t\t\t<div class=\"elementor-background-overlay\"><\/div>\n\t\t\t\t\t\t<div class=\"elementor-shape elementor-shape-bottom\" data-negative=\"false\">\n\t\t\t<svg xmlns=\"http:\/\/www.w3.org\/2000\/svg\" viewBox=\"0 0 1000 100\" preserveAspectRatio=\"none\">\n\t<path class=\"elementor-shape-fill\" d=\"M738,99l262-93V0H0v5.6L738,99z\"\/>\n<\/svg>\t\t<\/div>\n\t\t\t\t\t<div class=\"elementor-container elementor-column-gap-default\">\n\t\t\t\t\t<div class=\"elementor-column elementor-col-100 elementor-top-column elementor-element elementor-element-a8iw9rh\" data-id=\"a8iw9rh\" data-element_type=\"column\">\n\t\t\t<div class=\"elementor-widget-wrap elementor-element-populated\">\n\t\t\t\t\t\t<div class=\"elementor-element elementor-element-b77w53e elementor--h-position-left elementor--v-position-middle elementor-arrows-position-inside elementor-widget elementor-widget-slides\" data-id=\"b77w53e\" data-element_type=\"widget\" data-settings=\"{&quot;navigation&quot;:&quot;arrows&quot;,&quot;transition&quot;:&quot;fade&quot;,&quot;autoplay&quot;:&quot;yes&quot;,&quot;pause_on_hover&quot;:&quot;yes&quot;,&quot;pause_on_interaction&quot;:&quot;yes&quot;,&quot;autoplay_speed&quot;:5000,&quot;infinite&quot;:&quot;yes&quot;,&quot;transition_speed&quot;:500}\" data-widget_type=\"slides.default\">\n\t\t\t\t<div class=\"elementor-widget-container\">\n\t\t\t\t\t\t\t\t\t<div class=\"elementor-swiper\">\n\t\t\t\t\t<div class=\"elementor-slides-wrapper elementor-main-swiper swiper\" role=\"region\" aria-roledescription=\"carousel\" aria-label=\"Slides\" dir=\"ltr\" data-animation=\"fadeInUp\">\n\t\t\t\t<div class=\"swiper-wrapper elementor-slides\">\n\t\t\t\t\t\t\t\t\t\t<div class=\"elementor-repeater-item-qg4deab swiper-slide\" role=\"group\" aria-roledescription=\"slide\"><div class=\"swiper-slide-bg elementor-ken-burns elementor-ken-burns--out\" role=\"img\"><\/div><div class=\"elementor-background-overlay\"><\/div><div class=\"swiper-slide-inner\" ><div class=\"swiper-slide-contents\"><div class=\"elementor-slide-heading\">Casa \u00e9 onde eu <br>carrego o telem\u00f3vel...<\/div><div class=\"elementor-slide-description\"><p>Tudo o que necessita a cada passo da viagem. <br \/>Temos uma variedade extras super pr\u00e1ticos <br \/> que ir\u00e3o elevar a sua experi\u00eancia a outro patamar. <\/p>\n<\/div><\/div><\/div><\/div><div class=\"elementor-repeater-item-uyzt9sx swiper-slide\" role=\"group\" aria-roledescription=\"slide\"><div class=\"swiper-slide-bg\" role=\"img\"><\/div><div class=\"elementor-background-overlay\"><\/div><div class=\"swiper-slide-inner\" ><div class=\"swiper-slide-contents\"><div class=\"elementor-slide-heading\">Adicone outras 2 rodas <br>\u00e0s suas 4 rodas<\/div><div class=\"elementor-slide-description\"><p>Uma bicicleta continua a ser uma das melhores formas <br \/>de se deslocar em qualquer centro hist\u00f3rico. <br \/>Arranjamos o tipo de bicicleta que preferir.<\/p>\n<\/div><\/div><\/div><\/div><div class=\"elementor-repeater-item-ojwh8l9 swiper-slide\" role=\"group\" aria-roledescription=\"slide\"><div class=\"swiper-slide-bg elementor-ken-burns elementor-ken-burns--in\" role=\"img\"><\/div><div class=\"elementor-background-overlay\"><\/div><div class=\"swiper-slide-inner\" ><div class=\"swiper-slide-contents\"><div class=\"elementor-slide-heading\">Quem disse que n\u00e3o \u00e9 poss\u00edvel<br> ter conforto numa van?<\/div><div class=\"elementor-slide-description\"><p>Abrace a \"loucura\" dos extras <br \/> e diga-nos o que deseja levar <br \/> na sua road trip.<\/p>\n<\/div><\/div><\/div><\/div>\t\t\t\t<\/div>\n\t\t\t\t\t\t\t\t\t\t\t\t\t\t\t<div class=\"elementor-swiper-button elementor-swiper-button-prev\" role=\"button\" tabindex=\"0\" aria-label=\"Previous slide\">\n\t\t\t\t\t\t\t<i aria-hidden=\"true\" class=\"eicon-chevron-left\"><\/i>\t\t\t\t\t\t<\/div>\n\t\t\t\t\t\t<div class=\"elementor-swiper-button elementor-swiper-button-next\" role=\"button\" tabindex=\"0\" aria-label=\"Next slide\">\n\t\t\t\t\t\t\t<i aria-hidden=\"true\" class=\"eicon-chevron-right\"><\/i>\t\t\t\t\t\t<\/div>\n\t\t\t\t\t\t\t\t\t\t\t\t\t\t\t\t\t<\/div>\n\t\t\t\t<\/div>\n\t\t\t\t\t\t\t\t<\/div>\n\t\t\t\t<\/div>\n\t\t\t\t\t<\/div>\n\t\t<\/div>\n\t\t\t\t\t<\/div>\n\t\t<\/section>\n\t\t\t\t<section class=\"elementor-section elementor-top-section elementor-element elementor-element-r52kfmf elementor-section-boxed elementor-section-height-default elementor-section-height-default\" data-id=\"r52kfmf\" data-element_type=\"section\">\n\t\t\t\t\t\t<div class=\"elementor-container elementor-column-gap-default\">\n\t\t\t\t\t<div class=\"elementor-column elementor-col-100 elementor-top-column elementor-element elementor-element-oi5nslm\" data-id=\"oi5nslm\" data-element_type=\"column\">\n\t\t\t<div class=\"elementor-widget-wrap elementor-element-populated\">\n\t\t\t\t\t\t<div class=\"elementor-element elementor-element-uk7hmae elementor-widget elementor-widget-heading\" data-id=\"uk7hmae\" data-element_type=\"widget\" data-widget_type=\"heading.default\">\n\t\t\t\t<div class=\"elementor-widget-container\">\n\t\t\t\t\t<h1 class=\"elementor-heading-title elementor-size-default\">Extras<\/h1>\t\t\t\t<\/div>\n\t\t\t\t<\/div>\n\t\t\t\t<div class=\"elementor-element elementor-element-e2cea21 elementor-widget elementor-widget-text-editor\" data-id=\"e2cea21\" data-element_type=\"widget\" data-widget_type=\"text-editor.default\">\n\t\t\t\t<div class=\"elementor-widget-container\">\n\t\t\t\t\t\t\t\t\t<p>Acredite, o <a href=\"https:\/\/the-getaway-van.com\/pt-pt\/vans\/\" target=\"\u201c_blank\u201d\">pack de acess\u00f3rios<\/a> que encontrar\u00e1 nas nossa autocaravanas j\u00e1 \u00e9 bastante completo.<\/p>\n<p>Mas pode ajustar ainda mais a sua experi\u00eancia adicionando alguns dos seguintes extras.<\/p>\n<p>Quer o que procure seja maior conforto, equipamento de surf ou um kit de montanhismo, vai encontr\u00e1-lo aqui.<\/p>\n\t\t\t\t\t\t\t\t<\/div>\n\t\t\t\t<\/div>\n\t\t\t\t<div class=\"elementor-element elementor-element-n9vq3uq elementor-widget elementor-widget-shortcode\" data-id=\"n9vq3uq\" data-element_type=\"widget\" data-widget_type=\"shortcode.default\">\n\t\t\t\t<div class=\"elementor-widget-container\">\n\t\t\t\t\t\t<div id=\"extras-page\" class=\"container\">\n\t\t \n\n\t\t\t\n\t\t<div class=\"extra-item col-xs-4 col-sm-4 col-md-3 col-lg-2 transition\" data-extra=\"6020\">\t\t\t\n\t\t\t<div style=\"-webkit-transform: rotate(2.1);-moz-transform: rotate(2.1);-ms-transform: rotate(2.1deg);-o-transform: rotate(2.1deg);transform: rotate(2.1deg);\" type=\"button\" class=\"extra-info-button\" data-toggle=\"modal\" data-target=\"#extra-info\" data-id=\"extra-6020\">\n\t\t\t\t<i class=\"fa fa-info extra-info-button-old\"><\/i>\t\t\t\t<div class=\"extra-badge extra-daily\"><p class=\"extra-price\">20<span>\u20ac<\/span><\/p><span>por aluguer<\/span><\/div>\t\t\t\t\t\t\t\t\t\t\t\t\n\t\t\t\t\t\t\t\t\n\t\t\t\t<img decoding=\"async\" src=\"https:\/\/the-getaway-van.com\/wp-content\/uploads\/2019\/12\/extra-bed-linnen-and-towels-150x150.png\" class=\"extra-img\" alt=\"fotografia do extra de aluguer - Toalhas e roupa de cama para 1 cama\">\t\n\t\t\t\t\t\t\t\n\t\t\t\t\n\t\t\t\t<h3 class=\"extra-title\">Toalhas e roupa de cama para 1 cama<\/h3>\n\t\t\t\t<div class=\"extra-info hidden\"><p>Adicione toalhas e roupa de cama para 1 cama (uma ou duas pessoas) como um extra e n\u00f3s trataremos disso. Quando chegar, encontrar\u00e1 uma cama feita e toalhas para 2.<\/p>\n<p>Inclui:<\/p>\n<ul>\n<li>2 almofadas<\/li>\n<li>roupa de cama<\/li>\n<li>1 edredon (de acordo com a \u00e9poca do ano)<\/li>\n<li>1 lan\u00e7ol<\/li>\n<li>at\u00e9 duas toalhas de cara<\/li>\n<\/ul>\n<\/div>\n\t\t\t<\/div>\n\t\t<\/div>\n\n\n\t\t\t\n\t\t<div class=\"extra-item col-xs-4 col-sm-4 col-md-3 col-lg-2 transition\" data-extra=\"6025\">\t\t\t\n\t\t\t<div style=\"-webkit-transform: rotate(0.3);-moz-transform: rotate(0.3);-ms-transform: rotate(0.3deg);-o-transform: rotate(0.3deg);transform: rotate(0.3deg);\" type=\"button\" class=\"extra-info-button\" data-toggle=\"modal\" data-target=\"#extra-info\" data-id=\"extra-6025\">\n\t\t\t\t<i class=\"fa fa-info extra-info-button-old\"><\/i>\t\t\t\t<div class=\"extra-badge extra-daily\"><p class=\"extra-price\">40<span>\u20ac<\/span><\/p><span>por aluguer<\/span><\/div>\t\t\t\t\t\t\t\t\t\t\t\t\n\t\t\t\t\t\t\t\t\n\t\t\t\t<img decoding=\"async\" src=\"https:\/\/the-getaway-van.com\/wp-content\/uploads\/2019\/12\/extra-bed-linnen-and-towels-150x150.png\" class=\"extra-img\" alt=\"fotografia do extra de aluguer - Toalhas e roupa de cama para 2 camas\">\t\n\t\t\t\t\t\t\t\n\t\t\t\t\n\t\t\t\t<h3 class=\"extra-title\">Toalhas e roupa de cama para 2 camas<\/h3>\n\t\t\t\t<div class=\"extra-info hidden\"><p>Adicione toalhas e roupa de cama para 2 camas (tr\u00eas ou quatro pessoas) como um extra e n\u00f3s trataremos disso. Quando chegar, encontrar\u00e1 duas camas feitas e toalhas para 4.<\/p>\n<p><span data-sheets-value=\"{&quot;1&quot;:2,&quot;2&quot;:&quot;Inclui:&quot;}\" data-sheets-userformat=\"{&quot;2&quot;:15299,&quot;3&quot;:{&quot;1&quot;:0},&quot;4&quot;:[null,2,14281427],&quot;9&quot;:0,&quot;10&quot;:0,&quot;11&quot;:4,&quot;12&quot;:0,&quot;14&quot;:[null,2,0],&quot;15&quot;:&quot;Arial&quot;,&quot;16&quot;:12}\">Inclui:<\/span><\/p>\n<ul>\n<li>2 almofadas<\/li>\n<li>len\u00e7\u00f3is<\/li>\n<li>1 edred\u00e3o (adequado ao clima da \u00e9poca)<\/li>\n<li>1 manta<\/li>\n<li>at\u00e9 2 toalhas de rosto e de banho<\/li>\n<\/ul>\n<\/div>\n\t\t\t<\/div>\n\t\t<\/div>\n\n\n\t\t\t\n\t\t<div class=\"extra-item col-xs-4 col-sm-4 col-md-3 col-lg-2 transition\" data-extra=\"6021\">\t\t\t\n\t\t\t<div style=\"-webkit-transform: rotate(-1.2);-moz-transform: rotate(-1.2);-ms-transform: rotate(-1.2deg);-o-transform: rotate(-1.2deg);transform: rotate(-1.2deg);\" type=\"button\" class=\"extra-info-button\" data-toggle=\"modal\" data-target=\"#extra-info\" data-id=\"extra-6021\">\n\t\t\t\t<i class=\"fa fa-info extra-info-button-old\"><\/i>\t\t\t\t<div class=\"extra-badge extra-daily\"><p class=\"extra-price\">5<span>\u20ac<\/span><\/p><span>por aluguer<\/span><\/div>\t\t\t\t\t\t\t\t\t\t\t\t\n\t\t\t\t\t\t\t\t\n\t\t\t\t<img decoding=\"async\" src=\"https:\/\/the-getaway-van.com\/wp-content\/uploads\/2017\/04\/pillow-150x150.png\" class=\"extra-img\" alt=\"fotografia do extra de aluguer - Almofada Adicional\">\t\n\t\t\t\t\t\t\t\n\t\t\t\t\n\t\t\t\t<h3 class=\"extra-title\">Almofada Adicional<\/h3>\n\t\t\t\t<div class=\"extra-info hidden\"><p>Pode adicionar uma almofada como um extra quando alugar uma autocaravana. Com a The Getaway van pode conseguir todo o conforto durante a sua viagem!<\/p>\n<\/div>\n\t\t\t<\/div>\n\t\t<\/div>\n\n\n\t\t\t\n\t\t<div class=\"extra-item col-xs-4 col-sm-4 col-md-3 col-lg-2 transition\" data-extra=\"6022\">\t\t\t\n\t\t\t<div style=\"-webkit-transform: rotate(0.3);-moz-transform: rotate(0.3);-ms-transform: rotate(0.3deg);-o-transform: rotate(0.3deg);transform: rotate(0.3deg);\" type=\"button\" class=\"extra-info-button\" data-toggle=\"modal\" data-target=\"#extra-info\" data-id=\"extra-6022\">\n\t\t\t\t<i class=\"fa fa-info extra-info-button-old\"><\/i>\t\t\t\t<div class=\"extra-badge extra-daily\"><p class=\"extra-price\">5<span>\u20ac<\/span><\/p><span>por aluguer<\/span><\/div>\t\t\t\t\t\t\t\t\t\t\t\t\n\t\t\t\t\t\t\t\t\n\t\t\t\t<img decoding=\"async\" src=\"https:\/\/the-getaway-van.com\/wp-content\/uploads\/2017\/04\/saco-cama-150x150.png\" class=\"extra-img\" alt=\"fotografia do extra de aluguer - Saco-cama\">\t\n\t\t\t\t\t\t\t\n\t\t\t\t\n\t\t\t\t<h3 class=\"extra-title\">Saco-cama<\/h3>\n\t\t\t\t<div class=\"extra-info hidden\"><p>Ao alugar uma campervan com a The Getaway Van, pode adicionar um saco-cama ao seu pedido, como um extra. Esta \u00e9 uma alternativa \u00e0 roupa de cama.<\/p>\n<\/div>\n\t\t\t<\/div>\n\t\t<\/div>\n\n\n\t\t\t\n\t\t<div class=\"extra-item col-xs-4 col-sm-4 col-md-3 col-lg-2 transition\" data-extra=\"6023\">\t\t\t\n\t\t\t<div style=\"-webkit-transform: rotate(-1.2);-moz-transform: rotate(-1.2);-ms-transform: rotate(-1.2deg);-o-transform: rotate(-1.2deg);transform: rotate(-1.2deg);\" type=\"button\" class=\"extra-info-button\" data-toggle=\"modal\" data-target=\"#extra-info\" data-id=\"extra-6023\">\n\t\t\t\t<i class=\"fa fa-info extra-info-button-old\"><\/i>\t\t\t\t<div class=\"extra-badge extra-daily\"><p class=\"extra-price\">5<span>\u20ac<\/span><\/p><span>por aluguer<\/span><\/div>\t\t\t\t\t\t\t\t\t\t\t\t\n\t\t\t\t\t\t\t\t\n\t\t\t\t<img decoding=\"async\" src=\"https:\/\/the-getaway-van.com\/wp-content\/uploads\/2019\/12\/blanket-150x150.png\" class=\"extra-img\" alt=\"fotografia do extra de aluguer - Manta Adicional\">\t\n\t\t\t\t\t\t\t\n\t\t\t\t\n\t\t\t\t<h3 class=\"extra-title\">Manta Adicional<\/h3>\n\t\t\t\t<div class=\"extra-info hidden\"><p>Fique quente e confort\u00e1vel nas noites mais frias, adicionando uma manta ao seu pedido. Tenha todo o conforto que necessita na sua viagem com a The Getaway Van.<\/p>\n<\/div>\n\t\t\t<\/div>\n\t\t<\/div>\n\n\n\t\t\t\n\t\t<div class=\"extra-item col-xs-4 col-sm-4 col-md-3 col-lg-2 transition\" data-extra=\"6024\">\t\t\t\n\t\t\t<div style=\"-webkit-transform: rotate(1.9);-moz-transform: rotate(1.9);-ms-transform: rotate(1.9deg);-o-transform: rotate(1.9deg);transform: rotate(1.9deg);\" type=\"button\" class=\"extra-info-button\" data-toggle=\"modal\" data-target=\"#extra-info\" data-id=\"extra-6024\">\n\t\t\t\t<i class=\"fa fa-info extra-info-button-old\"><\/i>\t\t\t\t<div class=\"extra-badge extra-daily\"><p class=\"extra-price\">5<span>\u20ac<\/span><\/p><span>por aluguer<\/span><\/div>\t\t\t\t\t\t\t\t\t\t\t\t\n\t\t\t\t\t\t\t\t\n\t\t\t\t<img decoding=\"async\" src=\"https:\/\/the-getaway-van.com\/wp-content\/uploads\/2017\/04\/extra-towels-01-150x150.png\" class=\"extra-img\" alt=\"fotografia do extra de aluguer - 1 Toalha de Banho + 1 Toalha de Rosto\">\t\n\t\t\t\t\t\t\t\n\t\t\t\t\n\t\t\t\t<h3 class=\"extra-title\">1 Toalha de Banho + 1 Toalha de Rosto<\/h3>\n\t\t\t\t<div class=\"extra-info hidden\"><p>Precisa de toalhas de banho e de rosto durante a sua viagem? Basta informar-nos no seu pedido. odos os kits t\u00eam uma toalha de banho e uma toalha de rosto.<\/p>\n<\/div>\n\t\t\t<\/div>\n\t\t<\/div>\n\n\n\t\t\t\n\t\t<div class=\"extra-item col-xs-4 col-sm-4 col-md-3 col-lg-2 transition\" data-extra=\"6026\">\t\t\t\n\t\t\t<div style=\"-webkit-transform: rotate(-2.1);-moz-transform: rotate(-2.1);-ms-transform: rotate(-2.1deg);-o-transform: rotate(-2.1deg);transform: rotate(-2.1deg);\" type=\"button\" class=\"extra-info-button\" data-toggle=\"modal\" data-target=\"#extra-info\" data-id=\"extra-6026\">\n\t\t\t\t<i class=\"fa fa-info extra-info-button-old\"><\/i>\t\t\t\t<div class=\"extra-badge extra-daily\"><p class=\"extra-price\">10<span>\u20ac<\/span><\/p><span>por aluguer<\/span><\/div>\t\t\t\t\t\t\t\t\t\t\t\t\n\t\t\t\t\t\t\t\t\n\t\t\t\t<img decoding=\"async\" src=\"https:\/\/the-getaway-van.com\/wp-content\/uploads\/2019\/12\/kitchen-tools-150x150.png\" class=\"extra-img\" alt=\"fotografia do extra de aluguer - Utens\u00edlios de cozinha para 2 pessoas\">\t\n\t\t\t\t\t\t\t\n\t\t\t\t\n\t\t\t\t<h3 class=\"extra-title\">Utens\u00edlios de cozinha para 2 pessoas<\/h3>\n\t\t\t\t<div class=\"extra-info hidden\"><p>Se quiser cozinhar durante a sua viagem, pode adicionar utens\u00edlios de cozinha como um extra no seu pedido. Este \u00e9 um kit para 2 pessoas.<\/p>\n<p>Inclui:<\/p>\n<ul>\n<li>Panelas, tachos e frigideiras<\/li>\n<li><span data-sheets-value=\"{&quot;1&quot;:2,&quot;2&quot;:&quot;Pratos e tigelas para 2&quot;}\" data-sheets-userformat=\"{&quot;2&quot;:15299,&quot;3&quot;:{&quot;1&quot;:0},&quot;4&quot;:[null,2,14281427],&quot;9&quot;:0,&quot;10&quot;:0,&quot;11&quot;:4,&quot;12&quot;:0,&quot;14&quot;:[null,2,0],&quot;15&quot;:&quot;Arial&quot;,&quot;16&quot;:12}\">Pratos e tigelas para 2<\/span><\/li>\n<li>Copos e canecas para 2<\/li>\n<li>Talheres<\/li>\n<li>Abre-latas e saca-rolhas<\/li>\n<li>Cafeteira \/ Chaleira<\/li>\n<li>Pano para a loi\u00e7a, esponja e detergente l\u00edquido<\/li>\n<li>F\u00f3sforos, guardanapos e rolo de papel de cozinha<\/li>\n<li>E tamb\u00e9m: ch\u00e1, caf\u00e9, a\u00e7\u00facar, sal, especiarias, azeite e vinagre (e mais alguns mimos)<\/li>\n<\/ul>\n<\/div>\n\t\t\t<\/div>\n\t\t<\/div>\n\n\n\t\t\t\n\t\t<div class=\"extra-item col-xs-4 col-sm-4 col-md-3 col-lg-2 transition\" data-extra=\"6028\">\t\t\t\n\t\t\t<div style=\"-webkit-transform: rotate(0.4);-moz-transform: rotate(0.4);-ms-transform: rotate(0.4deg);-o-transform: rotate(0.4deg);transform: rotate(0.4deg);\" type=\"button\" class=\"extra-info-button\" data-toggle=\"modal\" data-target=\"#extra-info\" data-id=\"extra-6028\">\n\t\t\t\t<i class=\"fa fa-info extra-info-button-old\"><\/i>\t\t\t\t<div class=\"extra-badge extra-daily\"><p class=\"extra-price\">15<span>\u20ac<\/span><\/p><span>por aluguer<\/span><\/div>\t\t\t\t\t\t\t\t\t\t\t\t\n\t\t\t\t\t\t\t\t\n\t\t\t\t<img decoding=\"async\" src=\"https:\/\/the-getaway-van.com\/wp-content\/uploads\/2019\/12\/kitchen-tools-150x150.png\" class=\"extra-img\" alt=\"fotografia do extra de aluguer - Utens\u00edlios de cozinha para 4 pessoas\">\t\n\t\t\t\t\t\t\t\n\t\t\t\t\n\t\t\t\t<h3 class=\"extra-title\">Utens\u00edlios de cozinha para 4 pessoas<\/h3>\n\t\t\t\t<div class=\"extra-info hidden\"><p>Se quiser cozinhar durante a sua viagem, pode adicionar utens\u00edlios de cozinha como um extra no seu pedido. Este \u00e9 um kit para 4 pessoas.<\/p>\n<p>Inclui:<\/p>\n<ul>\n<li>Panelas, tachos e frigideiras<\/li>\n<li>Pratos e tigelas para 4<\/li>\n<li>Copos e canecas para 4<\/li>\n<li>Talheres<\/li>\n<li>Abre-latas e saca-rolhas<\/li>\n<li>Cafeteira \/ Chaleira<\/li>\n<li>Pano para a loi\u00e7a, esponja e detergente l\u00edquido<\/li>\n<li>F\u00f3sforos, guardanapos e rolo de papel de cozinha<\/li>\n<li>E tamb\u00e9m: ch\u00e1, caf\u00e9, a\u00e7\u00facar, sal, especiarias, azeite e vinagre (e mais alguns mimos)<\/li>\n<\/ul>\n<\/div>\n\t\t\t<\/div>\n\t\t<\/div>\n\n\n\t\t\t\n\t\t<div class=\"extra-item col-xs-4 col-sm-4 col-md-3 col-lg-2 transition\" data-extra=\"6029\">\t\t\t\n\t\t\t<div style=\"-webkit-transform: rotate(0.4);-moz-transform: rotate(0.4);-ms-transform: rotate(0.4deg);-o-transform: rotate(0.4deg);transform: rotate(0.4deg);\" type=\"button\" class=\"extra-info-button\" data-toggle=\"modal\" data-target=\"#extra-info\" data-id=\"extra-6029\">\n\t\t\t\t<i class=\"fa fa-info extra-info-button-old\"><\/i>\t\t\t\t<div class=\"extra-badge extra-daily\"><p class=\"extra-price\">30<span>\u20ac<\/span><\/p><span>por aluguer<\/span><\/div>\t\t\t\t\t\t\t\t\t\t\t\t\n\t\t\t\t\t\t\t\t\n\t\t\t\t<img decoding=\"async\" src=\"https:\/\/the-getaway-van.com\/wp-content\/uploads\/2019\/12\/Barbecue-150x150.png\" class=\"extra-img\" alt=\"fotografia do extra de aluguer - Barbecue ecol\u00f3gico (pellets ou carv\u00e3o)\">\t\n\t\t\t\t\t\t\t\n\t\t\t\t\n\t\t\t\t<h3 class=\"extra-title\">Barbecue ecol\u00f3gico (pellets ou carv\u00e3o)<\/h3>\n\t\t\t\t<div class=\"extra-info hidden\"><p>Pode adicionar ao seu pedido um barbecue ecol\u00f3gico (pellets ou carv\u00e3o) como um extra. Aproveite ao m\u00e1ximo o espa\u00e7o exterior durante a sua viagem!<\/p>\n<\/div>\n\t\t\t<\/div>\n\t\t<\/div>\n\n\n\t\t\t\n\t\t<div class=\"extra-item col-xs-4 col-sm-4 col-md-3 col-lg-2 transition\" data-extra=\"6031\">\t\t\t\n\t\t\t<div style=\"-webkit-transform: rotate(2.8);-moz-transform: rotate(2.8);-ms-transform: rotate(2.8deg);-o-transform: rotate(2.8deg);transform: rotate(2.8deg);\" type=\"button\" class=\"extra-info-button\" data-toggle=\"modal\" data-target=\"#extra-info\" data-id=\"extra-6031\">\n\t\t\t\t<i class=\"fa fa-info extra-info-button-old\"><\/i>\t\t\t\t<div class=\"extra-badge extra-daily\"><p class=\"extra-price\">2.5<span>\u20ac<\/span><\/p><span>por aluguer<\/span><\/div>\t\t\t\t\t\t\t\t\t\t\t\t\n\t\t\t\t\t\t\t\t\n\t\t\t\t<img decoding=\"async\" src=\"https:\/\/the-getaway-van.com\/wp-content\/uploads\/2019\/12\/gas-cartridge-150x150.png\" class=\"extra-img\" alt=\"fotografia do extra de aluguer - Lata de g\u00e1s extra para fog\u00e3o port\u00e1til\">\t\n\t\t\t\t\t\t\t\n\t\t\t\t\n\t\t\t\t<h3 class=\"extra-title\">Lata de g\u00e1s extra para fog\u00e3o port\u00e1til<\/h3>\n\t\t\t\t<div class=\"extra-info hidden\"><p>Pode precisar de g\u00e1s extra caso leve um fog\u00e3o port\u00e1til na autocaravana. Pode adicion\u00e1-lo ao seu pedido.<\/p>\n<\/div>\n\t\t\t<\/div>\n\t\t<\/div>\n\n\n\t\t\t\n\t\t<div class=\"extra-item col-xs-4 col-sm-4 col-md-3 col-lg-2 transition\" data-extra=\"6036\">\t\t\t\n\t\t\t<div style=\"-webkit-transform: rotate(-1.3);-moz-transform: rotate(-1.3);-ms-transform: rotate(-1.3deg);-o-transform: rotate(-1.3deg);transform: rotate(-1.3deg);\" type=\"button\" class=\"extra-info-button\" data-toggle=\"modal\" data-target=\"#extra-info\" data-id=\"extra-6036\">\n\t\t\t\t<i class=\"fa fa-info extra-info-button-old\"><\/i>\t\t\t\t<div class=\"extra-badge extra-daily\"><p class=\"extra-price\">15<span>\u20ac<\/span><\/p><span>por aluguer<\/span><\/div>\t\t\t\t\t\t\t\t\t\t\t\t\n\t\t\t\t\t\t\t\t\n\t\t\t\t<img decoding=\"async\" src=\"https:\/\/the-getaway-van.com\/wp-content\/uploads\/2017\/04\/outdoor-table-two-chairs-150x150.png\" class=\"extra-img\" alt=\"fotografia do extra de aluguer - Mesa exterior e duas cadeiras\">\t\n\t\t\t\t\t\t\t\n\t\t\t\t\n\t\t\t\t<h3 class=\"extra-title\">Mesa exterior e duas cadeiras<\/h3>\n\t\t\t\t<div class=\"extra-info hidden\"><p>Pode adicionar uma mesa exterior e duas cadeiras como um extra ao seu aluguer com a The Getaway Van. A autocaravana j\u00e1 tem uma mesa interior.<\/p>\n<\/div>\n\t\t\t<\/div>\n\t\t<\/div>\n\n\n\t\t\t\n\t\t<div class=\"extra-item col-xs-4 col-sm-4 col-md-3 col-lg-2 transition\" data-extra=\"6038\">\t\t\t\n\t\t\t<div style=\"-webkit-transform: rotate(-2.2);-moz-transform: rotate(-2.2);-ms-transform: rotate(-2.2deg);-o-transform: rotate(-2.2deg);transform: rotate(-2.2deg);\" type=\"button\" class=\"extra-info-button\" data-toggle=\"modal\" data-target=\"#extra-info\" data-id=\"extra-6038\">\n\t\t\t\t<i class=\"fa fa-info extra-info-button-old\"><\/i>\t\t\t\t<div class=\"extra-badge extra-daily\"><p class=\"extra-price\">5<span>\u20ac<\/span><\/p><span>por aluguer<\/span><\/div>\t\t\t\t\t\t\t\t\t\t\t\t\n\t\t\t\t\t\t\t\t\n\t\t\t\t<img decoding=\"async\" src=\"https:\/\/the-getaway-van.com\/wp-content\/uploads\/2019\/12\/extra-chair-150x150.png\" class=\"extra-img\" alt=\"fotografia do extra de aluguer - Extra Cadeira exterior\">\t\n\t\t\t\t\t\t\t\n\t\t\t\t\n\t\t\t\t<h3 class=\"extra-title\">Extra Cadeira exterior<\/h3>\n\t\t\t\t<div class=\"extra-info hidden\"><p>Adicione uma cadeira exterior como um extra ao seu aluguer com a The Getaway Van. Aproveite o ar livre duarnte a sua viagem!<\/p>\n<\/div>\n\t\t\t<\/div>\n\t\t<\/div>\n\n\n\t\t\t\n\t\t<div class=\"extra-item col-xs-4 col-sm-4 col-md-3 col-lg-2 transition\" data-extra=\"6040\">\t\t\t\n\t\t\t<div style=\"-webkit-transform: rotate(-0.1);-moz-transform: rotate(-0.1);-ms-transform: rotate(-0.1deg);-o-transform: rotate(-0.1deg);transform: rotate(-0.1deg);\" type=\"button\" class=\"extra-info-button\" data-toggle=\"modal\" data-target=\"#extra-info\" data-id=\"extra-6040\">\n\t\t\t\t<i class=\"fa fa-info extra-info-button-old\"><\/i>\t\t\t\t<div class=\"extra-badge extra-daily\"><p class=\"extra-price\">30<span>\u20ac<\/span><\/p><span>por aluguer<\/span><\/div>\t\t\t\t\t\t\t\t\t\t\t\t\n\t\t\t\t\t\t\t\t\n\t\t\t\t<img decoding=\"async\" src=\"https:\/\/the-getaway-van.com\/wp-content\/uploads\/2017\/04\/WC-quimico-150x150.png\" class=\"extra-img\" alt=\"fotografia do extra de aluguer - Sanita Qu\u00edmica\">\t\n\t\t\t\t\t\t\t\n\t\t\t\t\n\t\t\t\t<h3 class=\"extra-title\">Sanita Qu\u00edmica<\/h3>\n\t\t\t\t<div class=\"extra-info hidden\"><p>Inclui 2 rolos de papel higi\u00e9nico sol\u00favel + 5 saquetas sanit\u00e1rias<\/p>\n<\/div>\n\t\t\t<\/div>\n\t\t<\/div>\n\n\n\t\t\t\n\t\t<div class=\"extra-item col-xs-4 col-sm-4 col-md-3 col-lg-2 transition\" data-extra=\"6041\">\t\t\t\n\t\t\t<div style=\"-webkit-transform: rotate(-2.5);-moz-transform: rotate(-2.5);-ms-transform: rotate(-2.5deg);-o-transform: rotate(-2.5deg);transform: rotate(-2.5deg);\">\n\t\t\t\t\t\t\t\t<div class=\"extra-badge extra-daily\"><p class=\"extra-price\">10<span>\u20ac<\/span><\/p><span>por aluguer<\/span><\/div>\t\t\t\t\t\t\t\t\t\t\t\t\n\t\t\t\t\t\t\t\t\n\t\t\t\t<img decoding=\"async\" src=\"https:\/\/the-getaway-van.com\/wp-content\/uploads\/2019\/12\/Portable-shower-cabin-150x150.png\" class=\"extra-img\" alt=\"fotografia do extra de aluguer - Cabine de duche port\u00e1til\">\t\n\t\t\t\t\t\t\t\n\t\t\t\t\n\t\t\t\t<h3 class=\"extra-title\">Cabine de duche port\u00e1til<\/h3>\n\t\t\t\t<div class=\"extra-info hidden\"><\/div>\n\t\t\t<\/div>\n\t\t<\/div>\n\n\n\t\t\t\n\t\t<div class=\"extra-item col-xs-4 col-sm-4 col-md-3 col-lg-2 transition\" data-extra=\"6044\">\t\t\t\n\t\t\t<div style=\"-webkit-transform: rotate(2.5);-moz-transform: rotate(2.5);-ms-transform: rotate(2.5deg);-o-transform: rotate(2.5deg);transform: rotate(2.5deg);\">\n\t\t\t\t\t\t\t\t\t\t\t\t<div class=\"extra-badge extra-free\">free<\/div>\t\t\t\t\t\t\t\t\n\t\t\t\t\t\t\t\t\n\t\t\t\t<img decoding=\"async\" src=\"https:\/\/the-getaway-van.com\/wp-content\/uploads\/2017\/04\/GPS_Tomtom-1-150x150.png\" class=\"extra-img\" alt=\"fotografia do extra de aluguer - GPS\">\t\n\t\t\t\t\t\t\t\n\t\t\t\t\n\t\t\t\t<h3 class=\"extra-title\">GPS<\/h3>\n\t\t\t\t<div class=\"extra-info hidden\"><\/div>\n\t\t\t<\/div>\n\t\t<\/div>\n\n\n\t\t\t\n\t\t<div class=\"extra-item col-xs-4 col-sm-4 col-md-3 col-lg-2 transition\" data-extra=\"6043\">\t\t\t\n\t\t\t<div style=\"-webkit-transform: rotate(1.7);-moz-transform: rotate(1.7);-ms-transform: rotate(1.7deg);-o-transform: rotate(1.7deg);transform: rotate(1.7deg);\" type=\"button\" class=\"extra-info-button\" data-toggle=\"modal\" data-target=\"#extra-info\" data-id=\"extra-6043\">\n\t\t\t\t<i class=\"fa fa-info extra-info-button-old\"><\/i>\t\t\t\t\t\t\t\t<div class=\"extra-badge extra-free\">free<\/div>\t\t\t\t\t\t\t\t\n\t\t\t\t\t\t\t\t\n\t\t\t\t<img decoding=\"async\" src=\"https:\/\/the-getaway-van.com\/wp-content\/uploads\/2017\/04\/router-wifi-4g-150x150.png\" class=\"extra-img\" alt=\"fotografia do extra de aluguer - Router Wi-Fi\">\t\n\t\t\t\t\t\t\t\n\t\t\t\t\n\t\t\t\t<h3 class=\"extra-title\">Router Wi-Fi<\/h3>\n\t\t\t\t<div class=\"extra-info hidden\"><p>Tenha wi-fi ilimitado em zonas cobertas por 4G. V\u00e1lido apenas em Portugal.<\/p>\n<\/div>\n\t\t\t<\/div>\n\t\t<\/div>\n\n\n\t\t\t\n\t\t<div class=\"extra-item col-xs-4 col-sm-4 col-md-3 col-lg-2 transition\" data-extra=\"6045\">\t\t\t\n\t\t\t<div style=\"-webkit-transform: rotate(0.7);-moz-transform: rotate(0.7);-ms-transform: rotate(0.7deg);-o-transform: rotate(0.7deg);transform: rotate(0.7deg);\">\n\t\t\t\t\t\t\t\t<div class=\"extra-badge extra-daily\"><p class=\"extra-price\">10<span>\u20ac<\/span><\/p><span>por aluguer<\/span><\/div>\t\t\t\t\t\t\t\t\t\t\t\t\n\t\t\t\t\t\t\t\t\n\t\t\t\t<img decoding=\"async\" src=\"https:\/\/the-getaway-van.com\/wp-content\/uploads\/2017\/04\/12v-220v-converter-150x150.png\" class=\"extra-img\" alt=\"fotografia do extra de aluguer - Inversor de Corrente 12V\/230V\">\t\n\t\t\t\t\t\t\t\n\t\t\t\t\n\t\t\t\t<h3 class=\"extra-title\">Inversor de Corrente 12V\/230V<\/h3>\n\t\t\t\t<div class=\"extra-info hidden\"><\/div>\n\t\t\t<\/div>\n\t\t<\/div>\n\n\n\t\t\t\n\t\t<div class=\"extra-item col-xs-4 col-sm-4 col-md-3 col-lg-2 transition\" data-extra=\"6047\">\t\t\t\n\t\t\t<div style=\"-webkit-transform: rotate(-2.7);-moz-transform: rotate(-2.7);-ms-transform: rotate(-2.7deg);-o-transform: rotate(-2.7deg);transform: rotate(-2.7deg);\">\n\t\t\t\t\t\t\t\t\t\t\t\t<div class=\"extra-badge extra-free\">free<\/div>\t\t\t\t\t\t\t\t\n\t\t\t\t\t\t\t\t\n\t\t\t\t<img decoding=\"async\" src=\"https:\/\/the-getaway-van.com\/wp-content\/uploads\/2017\/04\/baby-seat-150x150.png\" class=\"extra-img\" alt=\"fotografia do extra de aluguer - Cadeira de Beb\u00e9\">\t\n\t\t\t\t\t\t\t\n\t\t\t\t\n\t\t\t\t<h3 class=\"extra-title\">Cadeira de Beb\u00e9<\/h3>\n\t\t\t\t<div class=\"extra-info hidden\"><\/div>\n\t\t\t<\/div>\n\t\t<\/div>\n\n\n\t\t\t\n\t\t<div class=\"extra-item col-xs-4 col-sm-4 col-md-3 col-lg-2 transition\" data-extra=\"6048\">\t\t\t\n\t\t\t<div style=\"-webkit-transform: rotate(-0.9);-moz-transform: rotate(-0.9);-ms-transform: rotate(-0.9deg);-o-transform: rotate(-0.9deg);transform: rotate(-0.9deg);\">\n\t\t\t\t\t\t\t\t\t\t\t\t<div class=\"extra-badge extra-free\">free<\/div>\t\t\t\t\t\t\t\t\n\t\t\t\t\t\t\t\t\n\t\t\t\t<img decoding=\"async\" src=\"https:\/\/the-getaway-van.com\/wp-content\/uploads\/2017\/04\/assento-criaca-150x150.png\" class=\"extra-img\" alt=\"fotografia do extra de aluguer - Assento de Crian\u00e7a\">\t\n\t\t\t\t\t\t\t\n\t\t\t\t\n\t\t\t\t<h3 class=\"extra-title\">Assento de Crian\u00e7a<\/h3>\n\t\t\t\t<div class=\"extra-info hidden\"><\/div>\n\t\t\t<\/div>\n\t\t<\/div>\n\n\n\t\t\t\n\t\t<div class=\"extra-item col-xs-4 col-sm-4 col-md-3 col-lg-2 transition\" data-extra=\"6019\">\t\t\t\n\t\t\t<div style=\"-webkit-transform: rotate(2.2);-moz-transform: rotate(2.2);-ms-transform: rotate(2.2deg);-o-transform: rotate(2.2deg);transform: rotate(2.2deg);\" type=\"button\" class=\"extra-info-button\" data-toggle=\"modal\" data-target=\"#extra-info\" data-id=\"extra-6019\">\n\t\t\t\t<i class=\"fa fa-info extra-info-button-old\"><\/i>\t\t\t\t<div class=\"extra-badge extra-daily\"><p class=\"extra-price\">5<span>\u20ac<\/span><\/p><span>por aluguer<\/span><\/div>\t\t\t\t\t\t\t\t\t\t\t\t\n\t\t\t\t\t\t\t\t\n\t\t\t\t<img decoding=\"async\" src=\"https:\/\/the-getaway-van.com\/wp-content\/uploads\/2017\/04\/carrinho-bebe-150x150.png\" class=\"extra-img\" alt=\"fotografia do extra de aluguer - Carrinho de Beb\u00e9\">\t\n\t\t\t\t\t\t\t\n\t\t\t\t\n\t\t\t\t<h3 class=\"extra-title\">Carrinho de Beb\u00e9<\/h3>\n\t\t\t\t<div class=\"extra-info hidden\"><p>Leve um carrinho de beb\u00e9 para o mais pequeno ou para a mais pequena. Familia toda a rolar na getaway!<\/p>\n<\/div>\n\t\t\t<\/div>\n\t\t<\/div>\n\n\n\t\t\t\n\t\t<div class=\"extra-item col-xs-4 col-sm-4 col-md-3 col-lg-2 transition\" data-extra=\"6049\">\t\t\t\n\t\t\t<div style=\"-webkit-transform: rotate(0.6);-moz-transform: rotate(0.6);-ms-transform: rotate(0.6deg);-o-transform: rotate(0.6deg);transform: rotate(0.6deg);\">\n\t\t\t\t\t\t\t\t<div class=\"extra-badge extra-daily\"><p class=\"extra-price\"><span>\u20ac<\/span><\/p><span>por aluguer<\/span><\/div>\t\t\t\t\t\t\t\t\t\t\t\t\n\t\t\t\t\t\t\t\t\n\t\t\t\t<img decoding=\"async\" src=\"https:\/\/the-getaway-van.com\/wp-content\/uploads\/2017\/04\/board-games-150x150.png\" class=\"extra-img\" alt=\"fotografia do extra de aluguer - Jogos de tabuleiro\">\t\n\t\t\t\t\t\t\t\n\t\t\t\t\n\t\t\t\t<h3 class=\"extra-title\">Jogos de tabuleiro<\/h3>\n\t\t\t\t<div class=\"extra-info hidden\"><\/div>\n\t\t\t<\/div>\n\t\t<\/div>\n\n\n\t\t\t\n\t\t<div class=\"extra-item col-xs-4 col-sm-4 col-md-3 col-lg-2 transition\" data-extra=\"6050\">\t\t\t\n\t\t\t<div style=\"-webkit-transform: rotate(0);-moz-transform: rotate(0);-ms-transform: rotate(0deg);-o-transform: rotate(0deg);transform: rotate(0deg);\">\n\t\t\t\t\t\t\t\t<div class=\"extra-badge extra-daily\"><p class=\"extra-price\">10<span>\u20ac<\/span><\/p><span>por aluguer<\/span><\/div>\t\t\t\t\t\t\t\t\t\t\t\t\n\t\t\t\t\t\t\t\t\n\t\t\t\t<img decoding=\"async\" src=\"https:\/\/the-getaway-van.com\/wp-content\/uploads\/2019\/12\/bicycle-rack-for-2-150x150.png\" class=\"extra-img\" alt=\"fotografia do extra de aluguer - Suporte de Bicicletas para 2\">\t\n\t\t\t\t\t\t\t\n\t\t\t\t\n\t\t\t\t<h3 class=\"extra-title\">Suporte de Bicicletas para 2<\/h3>\n\t\t\t\t<div class=\"extra-info hidden\"><\/div>\n\t\t\t<\/div>\n\t\t<\/div>\n\n\n\t\t\t\n\t\t<div class=\"extra-item col-xs-4 col-sm-4 col-md-3 col-lg-2 transition\" data-extra=\"6052\">\t\t\t\n\t\t\t<div style=\"-webkit-transform: rotate(-1.1);-moz-transform: rotate(-1.1);-ms-transform: rotate(-1.1deg);-o-transform: rotate(-1.1deg);transform: rotate(-1.1deg);\" type=\"button\" class=\"extra-info-button\" data-toggle=\"modal\" data-target=\"#extra-info\" data-id=\"extra-6052\">\n\t\t\t\t<i class=\"fa fa-info extra-info-button-old\"><\/i>\t\t\t\t\t\t\t\t\t\t\t\t<div class=\"extra-badge extra-budget\">get <span>quote<\/span><\/div>\t\t\t\t\n\t\t\t\t\t\t\t\t\n\t\t\t\t<img decoding=\"async\" src=\"https:\/\/the-getaway-van.com\/wp-content\/uploads\/2017\/04\/Bicycle-1-150x150.png\" class=\"extra-img\" alt=\"fotografia do extra de aluguer - Bicicleta\">\t\n\t\t\t\t\t\t\t\n\t\t\t\t\n\t\t\t\t<h3 class=\"extra-title\">Bicicleta<\/h3>\n\t\t\t\t<div class=\"extra-info hidden\"><p>Bicicletas de cidade, trekking ou montanha (para homem ou mulher).<\/p>\n<p>Tamb\u00e9m dispon\u00edveis bicicletas para crian\u00e7as.<\/p>\n<p>Cada bicicleta vem com: capacete, cadeado, corda el\u00e1stica, pack de luzes, kit de ferramentas, roda interna sobressalente e bomba de ar.<\/p>\n<p>Assentos de beb\u00e9 dispon\u00edveis mediante pedido.<\/p>\n<p>Fornecido por um dos nossos parceiros.<\/p>\n<\/div>\n\t\t\t<\/div>\n\t\t<\/div>\n\n\n\t\t\t\n\t\t<div class=\"extra-item col-xs-4 col-sm-4 col-md-3 col-lg-2 transition\" data-extra=\"6061\">\t\t\t\n\t\t\t<div style=\"-webkit-transform: rotate(-1.7);-moz-transform: rotate(-1.7);-ms-transform: rotate(-1.7deg);-o-transform: rotate(-1.7deg);transform: rotate(-1.7deg);\">\n\t\t\t\t\t\t\t\t\t\t\t\t\t\t\t\t\t\t\t\t\n\t\t\t\t\t\t\t\t\n\t\t\t\t<img decoding=\"async\" src=\"https:\/\/the-getaway-van.com\/wp-content\/uploads\/2017\/04\/Electric-Bike-150x150.png\" class=\"extra-img\" alt=\"fotografia do extra de aluguer - Bicicleta El\u00e9trica\">\t\n\t\t\t\t\t\t\t\n\t\t\t\t\n\t\t\t\t<h3 class=\"extra-title\">Bicicleta El\u00e9trica<\/h3>\n\t\t\t\t<div class=\"extra-info hidden\"><\/div>\n\t\t\t<\/div>\n\t\t<\/div>\n\n\n\t\t\t\n\t\t<div class=\"extra-item col-xs-4 col-sm-4 col-md-3 col-lg-2 transition\" data-extra=\"6064\">\t\t\t\n\t\t\t<div style=\"-webkit-transform: rotate(-1.4);-moz-transform: rotate(-1.4);-ms-transform: rotate(-1.4deg);-o-transform: rotate(-1.4deg);transform: rotate(-1.4deg);\">\n\t\t\t\t\t\t\t\t<div class=\"extra-badge extra-daily\"><p class=\"extra-price\">10<span>\u20ac<\/span><\/p><span>por aluguer<\/span><\/div>\t\t\t\t\t\t\t\t\t\t\t\t\n\t\t\t\t\t\t\t\t\n\t\t\t\t<img decoding=\"async\" src=\"https:\/\/the-getaway-van.com\/wp-content\/uploads\/2017\/04\/tenda-150x150.png\" class=\"extra-img\" alt=\"fotografia do extra de aluguer - Tenda de Campismo\">\t\n\t\t\t\t\t\t\t\n\t\t\t\t\n\t\t\t\t<h3 class=\"extra-title\">Tenda de Campismo<\/h3>\n\t\t\t\t<div class=\"extra-info hidden\"><\/div>\n\t\t\t<\/div>\n\t\t<\/div>\n\n\n\t\t\t\n\t\t<div class=\"extra-item col-xs-4 col-sm-4 col-md-3 col-lg-2 transition\" data-extra=\"6065\">\t\t\t\n\t\t\t<div style=\"-webkit-transform: rotate(-1.1);-moz-transform: rotate(-1.1);-ms-transform: rotate(-1.1deg);-o-transform: rotate(-1.1deg);transform: rotate(-1.1deg);\">\n\t\t\t\t\t\t\t\t<div class=\"extra-badge extra-daily\"><p class=\"extra-price\">10<span>\u20ac<\/span><\/p><span>por aluguer<\/span><\/div>\t\t\t\t\t\t\t\t\t\t\t\t\n\t\t\t\t\t\t\t\t\n\t\t\t\t<img decoding=\"async\" src=\"https:\/\/the-getaway-van.com\/wp-content\/uploads\/2017\/04\/kit-montanha-150x150.png\" class=\"extra-img\" alt=\"fotografia do extra de aluguer - Kit Montanha\">\t\n\t\t\t\t\t\t\t\n\t\t\t\t\n\t\t\t\t<h3 class=\"extra-title\">Kit Montanha<\/h3>\n\t\t\t\t<div class=\"extra-info hidden\"><\/div>\n\t\t\t<\/div>\n\t\t<\/div>\n\n\n\t\t\t\n\t\t<div class=\"extra-item col-xs-4 col-sm-4 col-md-3 col-lg-2 transition\" data-extra=\"6066\">\t\t\t\n\t\t\t<div style=\"-webkit-transform: rotate(0);-moz-transform: rotate(0);-ms-transform: rotate(0deg);-o-transform: rotate(0deg);transform: rotate(0deg);\">\n\t\t\t\t\t\t\t\t<div class=\"extra-badge extra-daily\"><p class=\"extra-price\">20<span>\u20ac<\/span><\/p><span>por aluguer<\/span><\/div>\t\t\t\t\t\t\t\t\t\t\t\t\n\t\t\t\t\t\t\t\t\n\t\t\t\t<img decoding=\"async\" src=\"https:\/\/the-getaway-van.com\/wp-content\/uploads\/2019\/12\/snow-chains-150x150.png\" class=\"extra-img\" alt=\"fotografia do extra de aluguer - Correntes \/ cintas de neve\">\t\n\t\t\t\t\t\t\t\n\t\t\t\t\n\t\t\t\t<h3 class=\"extra-title\">Correntes \/ cintas de neve<\/h3>\n\t\t\t\t<div class=\"extra-info hidden\"><\/div>\n\t\t\t<\/div>\n\t\t<\/div>\n\n\n\t\t\t\n\t\t<div class=\"extra-item col-xs-4 col-sm-4 col-md-3 col-lg-2 transition\" data-extra=\"6068\">\t\t\t\n\t\t\t<div style=\"-webkit-transform: rotate(1.2);-moz-transform: rotate(1.2);-ms-transform: rotate(1.2deg);-o-transform: rotate(1.2deg);transform: rotate(1.2deg);\">\n\t\t\t\t\t\t\t\t<div class=\"extra-badge extra-daily\"><p class=\"extra-price\">5<span>\u20ac<\/span><\/p><span>por aluguer<\/span><\/div>\t\t\t\t\t\t\t\t\t\t\t\t\n\t\t\t\t\t\t\t\t\n\t\t\t\t<img decoding=\"async\" src=\"https:\/\/the-getaway-van.com\/wp-content\/uploads\/2017\/04\/toalhas-de-praia1-150x150.png\" class=\"extra-img\" alt=\"fotografia do extra de aluguer - Toalha de Praia\">\t\n\t\t\t\t\t\t\t\n\t\t\t\t\n\t\t\t\t<h3 class=\"extra-title\">Toalha de Praia<\/h3>\n\t\t\t\t<div class=\"extra-info hidden\"><\/div>\n\t\t\t<\/div>\n\t\t<\/div>\n\n\n\t\t\t\n\t\t<div class=\"extra-item col-xs-4 col-sm-4 col-md-3 col-lg-2 transition\" data-extra=\"6069\">\t\t\t\n\t\t\t<div style=\"-webkit-transform: rotate(1.9);-moz-transform: rotate(1.9);-ms-transform: rotate(1.9deg);-o-transform: rotate(1.9deg);transform: rotate(1.9deg);\">\n\t\t\t\t\t\t\t\t\t\t\t\t\t\t\t\t\t\t\t\t\n\t\t\t\t\t\t\t\t\n\t\t\t\t<img decoding=\"async\" src=\"https:\/\/the-getaway-van.com\/wp-content\/uploads\/2017\/04\/gaurda-sol-paravento-150x150.png\" class=\"extra-img\" alt=\"fotografia do extra de aluguer - Guarda-sol e para-vento\">\t\n\t\t\t\t\t\t\t\n\t\t\t\t\n\t\t\t\t<h3 class=\"extra-title\">Guarda-sol e para-vento<\/h3>\n\t\t\t\t<div class=\"extra-info hidden\"><\/div>\n\t\t\t<\/div>\n\t\t<\/div>\n\n\n\t\t\t\n\t\t<div class=\"extra-item col-xs-4 col-sm-4 col-md-3 col-lg-2 transition\" data-extra=\"6070\">\t\t\t\n\t\t\t<div style=\"-webkit-transform: rotate(-0.2);-moz-transform: rotate(-0.2);-ms-transform: rotate(-0.2deg);-o-transform: rotate(-0.2deg);transform: rotate(-0.2deg);\">\n\t\t\t\t\t\t\t\t\t\t\t\t<div class=\"extra-badge extra-free\">free<\/div>\t\t\t\t\t\t\t\t\n\t\t\t\t\t\t\t\t\n\t\t\t\t<img decoding=\"async\" src=\"https:\/\/the-getaway-van.com\/wp-content\/uploads\/2017\/04\/geleira-150x150.png\" class=\"extra-img\" alt=\"fotografia do extra de aluguer - Pequena Geladeira\">\t\n\t\t\t\t\t\t\t\n\t\t\t\t\n\t\t\t\t<h3 class=\"extra-title\">Pequena Geladeira<\/h3>\n\t\t\t\t<div class=\"extra-info hidden\"><\/div>\n\t\t\t<\/div>\n\t\t<\/div>\n\n\n\t\t\t\n\t\t<div class=\"extra-item col-xs-4 col-sm-4 col-md-3 col-lg-2 transition\" data-extra=\"6071\">\t\t\t\n\t\t\t<div style=\"-webkit-transform: rotate(0.5);-moz-transform: rotate(0.5);-ms-transform: rotate(0.5deg);-o-transform: rotate(0.5deg);transform: rotate(0.5deg);\">\n\t\t\t\t\t\t\t\t\t\t\t\t<div class=\"extra-badge extra-free\">free<\/div>\t\t\t\t\t\t\t\t\n\t\t\t\t\t\t\t\t\n\t\t\t\t<img decoding=\"async\" src=\"https:\/\/the-getaway-van.com\/wp-content\/uploads\/2017\/04\/kit-praia-kids-150x150.png\" class=\"extra-img\" alt=\"fotografia do extra de aluguer - Kit de praia crian\u00e7as\">\t\n\t\t\t\t\t\t\t\n\t\t\t\t\n\t\t\t\t<h3 class=\"extra-title\">Kit de praia crian\u00e7as<\/h3>\n\t\t\t\t<div class=\"extra-info hidden\"><\/div>\n\t\t\t<\/div>\n\t\t<\/div>\n\n\n\t\t\t\n\t\t<div class=\"extra-item col-xs-4 col-sm-4 col-md-3 col-lg-2 transition\" data-extra=\"6072\">\t\t\t\n\t\t\t<div style=\"-webkit-transform: rotate(-0.7);-moz-transform: rotate(-0.7);-ms-transform: rotate(-0.7deg);-o-transform: rotate(-0.7deg);transform: rotate(-0.7deg);\">\n\t\t\t\t\t\t\t\t\t\t\t\t<div class=\"extra-badge extra-free\">free<\/div>\t\t\t\t\t\t\t\t\n\t\t\t\t\t\t\t\t\n\t\t\t\t<img decoding=\"async\" src=\"https:\/\/the-getaway-van.com\/wp-content\/uploads\/2017\/04\/raquetes-150x150.png\" class=\"extra-img\" alt=\"fotografia do extra de aluguer - Raquetes de Praia\">\t\n\t\t\t\t\t\t\t\n\t\t\t\t\n\t\t\t\t<h3 class=\"extra-title\">Raquetes de Praia<\/h3>\n\t\t\t\t<div class=\"extra-info hidden\"><\/div>\n\t\t\t<\/div>\n\t\t<\/div>\n\n\n\t\t\t\n\t\t<div class=\"extra-item col-xs-4 col-sm-4 col-md-3 col-lg-2 transition\" data-extra=\"6075\">\t\t\t\n\t\t\t<div style=\"-webkit-transform: rotate(-2.7);-moz-transform: rotate(-2.7);-ms-transform: rotate(-2.7deg);-o-transform: rotate(-2.7deg);transform: rotate(-2.7deg);\" type=\"button\" class=\"extra-info-button\" data-toggle=\"modal\" data-target=\"#extra-info\" data-id=\"extra-6075\">\n\t\t\t\t<i class=\"fa fa-info extra-info-button-old\"><\/i>\t\t\t\t\t\t\t\t\t\t\t\t<div class=\"extra-badge extra-budget\">get <span>quote<\/span><\/div>\t\t\t\t\n\t\t\t\t\t\t\t\t\n\t\t\t\t<img decoding=\"async\" src=\"https:\/\/the-getaway-van.com\/wp-content\/uploads\/2017\/04\/wetsuit-150x150.png\" class=\"extra-img\" alt=\"fotografia do extra de aluguer - Fatos T\u00e9rmicos\">\t\n\t\t\t\t\t\t\t\n\t\t\t\t\n\t\t\t\t<h3 class=\"extra-title\">Fatos T\u00e9rmicos<\/h3>\n\t\t\t\t<div class=\"extra-info hidden\"><p>Provided by one of our partners.<\/p>\n<\/div>\n\t\t\t<\/div>\n\t\t<\/div>\n\n\n\t\t\t\n\t\t<div class=\"extra-item col-xs-4 col-sm-4 col-md-3 col-lg-2 transition\" data-extra=\"6073\">\t\t\t\n\t\t\t<div style=\"-webkit-transform: rotate(-0.5);-moz-transform: rotate(-0.5);-ms-transform: rotate(-0.5deg);-o-transform: rotate(-0.5deg);transform: rotate(-0.5deg);\">\n\t\t\t\t\t\t\t\t<div class=\"extra-badge extra-daily\"><p class=\"extra-price\">10<span>\u20ac<\/span><\/p><span>por aluguer<\/span><\/div>\t\t\t\t\t\t\t\t\t\t\t\t\n\t\t\t\t\t\t\t\t\n\t\t\t\t<img decoding=\"async\" src=\"https:\/\/the-getaway-van.com\/wp-content\/uploads\/2019\/12\/safe-keys-150x150.png\" class=\"extra-img\" alt=\"fotografia do extra de aluguer - Mini Cofre para Chaves\">\t\n\t\t\t\t\t\t\t\n\t\t\t\t\n\t\t\t\t<h3 class=\"extra-title\">Mini Cofre para Chaves<\/h3>\n\t\t\t\t<div class=\"extra-info hidden\"><\/div>\n\t\t\t<\/div>\n\t\t<\/div>\n\n\n\t\t\t\n\t\t<div class=\"extra-item col-xs-4 col-sm-4 col-md-3 col-lg-2 transition\" data-extra=\"6076\">\t\t\t\n\t\t\t<div style=\"-webkit-transform: rotate(1.4);-moz-transform: rotate(1.4);-ms-transform: rotate(1.4deg);-o-transform: rotate(1.4deg);transform: rotate(1.4deg);\">\n\t\t\t\t\t\t\t\t\t\t\t\t\t\t\t\t<div class=\"extra-badge extra-budget\">get <span>quote<\/span><\/div>\t\t\t\t\n\t\t\t\t\t\t\t\t\n\t\t\t\t<img decoding=\"async\" src=\"https:\/\/the-getaway-van.com\/wp-content\/uploads\/2017\/04\/surfboards-300x300-150x150.png\" class=\"extra-img\" alt=\"fotografia do extra de aluguer - Prancha de surf\">\t\n\t\t\t\t\t\t\t\n\t\t\t\t\n\t\t\t\t<h3 class=\"extra-title\">Prancha de surf<\/h3>\n\t\t\t\t<div class=\"extra-info hidden\"><\/div>\n\t\t\t<\/div>\n\t\t<\/div>\n\n\n\t\t\t\n\t\t<div class=\"extra-item col-xs-4 col-sm-4 col-md-3 col-lg-2 transition\" data-extra=\"6077\">\t\t\t\n\t\t\t<div style=\"-webkit-transform: rotate(-2);-moz-transform: rotate(-2);-ms-transform: rotate(-2deg);-o-transform: rotate(-2deg);transform: rotate(-2deg);\" type=\"button\" class=\"extra-info-button\" data-toggle=\"modal\" data-target=\"#extra-info\" data-id=\"extra-6077\">\n\t\t\t\t<i class=\"fa fa-info extra-info-button-old\"><\/i>\t\t\t\t\t\t\t\t\t\t\t\t<div class=\"extra-badge extra-budget\">get <span>quote<\/span><\/div>\t\t\t\t\n\t\t\t\t\t\t\t\t\n\t\t\t\t<img decoding=\"async\" src=\"https:\/\/the-getaway-van.com\/wp-content\/uploads\/2017\/04\/kit-paddle-150x150.png\" class=\"extra-img\" alt=\"fotografia do extra de aluguer - Kit de SUP\">\t\n\t\t\t\t\t\t\t\n\t\t\t\t\n\t\t\t\t<h3 class=\"extra-title\">Kit de SUP<\/h3>\n\t\t\t\t<div class=\"extra-info hidden\"><p>Inclui prancha e pagaia.<\/p>\n<p>Fornecido por um dos nossos parceiros.<\/p>\n<\/div>\n\t\t\t<\/div>\n\t\t<\/div>\n\n\n\t\t\t\n\t\t<div class=\"extra-item col-xs-4 col-sm-4 col-md-3 col-lg-2 transition\" data-extra=\"6078\">\t\t\t\n\t\t\t<div style=\"-webkit-transform: rotate(1.4);-moz-transform: rotate(1.4);-ms-transform: rotate(1.4deg);-o-transform: rotate(1.4deg);transform: rotate(1.4deg);\">\n\t\t\t\t\t\t\t\t\t\t\t\t\t\t\t\t<div class=\"extra-badge extra-budget\">get <span>quote<\/span><\/div>\t\t\t\t\n\t\t\t\t\t\t\t\t\n\t\t\t\t<img decoding=\"async\" src=\"https:\/\/the-getaway-van.com\/wp-content\/uploads\/2017\/04\/kit-bodyboard-150x150.png\" class=\"extra-img\" alt=\"fotografia do extra de aluguer - Kit de Bodyboard\">\t\n\t\t\t\t\t\t\t\n\t\t\t\t\n\t\t\t\t<h3 class=\"extra-title\">Kit de Bodyboard<\/h3>\n\t\t\t\t<div class=\"extra-info hidden\"><\/div>\n\t\t\t<\/div>\n\t\t<\/div>\n\t\n\t\t<!-- Modal -->\n\t\t<div class=\"modal fade\" id=\"extra-info\" tabindex=\"-1\" role=\"dialog\" aria-labelledby=\"exampleModalLabel\" aria-hidden=\"true\">\n\t\t\t<div class=\"modal-dialog\" role=\"document\">\n\t\t\t\t<div class=\"modal-content\">\n\t\t\t\t\t<div class=\"modal-header\">\n\t\t\t\t       <h5 class=\"modal-title\" id=\"exampleModalLabel\">Modal title<\/h5>\n\t\t\t\t        <button type=\"button\" class=\"close\" data-dismiss=\"modal\" aria-label=\"Close\">\n\t\t\t\t          <span aria-hidden=\"true\">&times;<\/span>\n\t\t\t\t        <\/button>\n\t\t\t\t\t<\/div>\n\t\t\t\t\t<div class=\"modal-body\" style=\"    display: inline-block;\" >\n\t\t\n\t\t\t\t\t\t<div class=\"col-xs-6\">\n\t\t\t\t\t\t\t<img decoding=\"async\" src=\"#\" class=\"modal-img\">\n\t\t\t\t\t\t<\/div>\n\t\t\t\t\t\t<div class=\"modal-body-content-div col-xs-6\">\n\t\t\t\t\t   \t\t <div class=\"modal-body-content\"><\/div>\n\t\t\t\t\t\t<\/div>\n\t\t\t\t      \t<\/div>\n\t\t\t\t      \t  \t\n\t\t\t\t      \t\n\t\t\t\t    <\/div>\n\t\t\t\t<\/div>\n\t\t\t<\/div>\n\t\t<\/div>\n\t<\/div>\n<script>\njQuery('.extra-info-button').click(function(event) {\n\tevent.preventDefault();\n\tvar extraItem = jQuery(this).closest('.extra-item'),\n\textraName = extraItem.find('.extra-title').text();\n\textraInfo = extraItem.find('.extra-info').html();\n\textraImg = extraItem.find('.extra-img').attr('src');\n\t   var myStr = 'quick_brown_fox';\n       var extraImgUrl = extraImg.replace(\/-150x150.png\/g, \".png\");\n\tconsole.log(extraInfo);\n\tconsole.log(extraImgUrl);\n\tjQuery('#extra-info .modal-title').html(extraName);\n\tjQuery('#extra-info .modal-body-content').html(extraInfo);\n\tjQuery('#extra-info .modal-img').attr(\"src\", extraImgUrl);\n\n});\n <\/script>\n\n\t\t<div class=\"elementor-shortcode\"><\/div>\n\t\t\t\t\t\t<\/div>\n\t\t\t\t<\/div>\n\t\t\t\t\t<\/div>\n\t\t<\/div>\n\t\t\t\t\t<\/div>\n\t\t<\/section>\n\t\t\t\t<section class=\"elementor-section elementor-top-section elementor-element elementor-element-7z6md7i elementor-section-stretched elementor-reverse-mobile elementor-section-boxed elementor-section-height-default elementor-section-height-default\" data-id=\"7z6md7i\" data-element_type=\"section\" data-settings=\"{&quot;stretch_section&quot;:&quot;section-stretched&quot;,&quot;background_background&quot;:&quot;classic&quot;,&quot;shape_divider_top&quot;:&quot;tilt&quot;,&quot;shape_divider_bottom&quot;:&quot;tilt&quot;}\">\n\t\t\t\t\t\t\t<div class=\"elementor-background-overlay\"><\/div>\n\t\t\t\t\t\t<div class=\"elementor-shape elementor-shape-top\" data-negative=\"false\">\n\t\t\t<svg xmlns=\"http:\/\/www.w3.org\/2000\/svg\" viewBox=\"0 0 1000 100\" preserveAspectRatio=\"none\">\n\t<path class=\"elementor-shape-fill\" d=\"M0,6V0h1000v100L0,6z\"\/>\n<\/svg>\t\t<\/div>\n\t\t\t\t<div class=\"elementor-shape elementor-shape-bottom\" data-negative=\"false\">\n\t\t\t<svg xmlns=\"http:\/\/www.w3.org\/2000\/svg\" viewBox=\"0 0 1000 100\" preserveAspectRatio=\"none\">\n\t<path class=\"elementor-shape-fill\" d=\"M0,6V0h1000v100L0,6z\"\/>\n<\/svg>\t\t<\/div>\n\t\t\t\t\t<div class=\"elementor-container elementor-column-gap-default\">\n\t\t\t\t\t<div class=\"elementor-column elementor-col-33 elementor-top-column elementor-element elementor-element-4c97fa1\" data-id=\"4c97fa1\" data-element_type=\"column\">\n\t\t\t<div class=\"elementor-widget-wrap\">\n\t\t\t\t\t\t\t<\/div>\n\t\t<\/div>\n\t\t\t\t<div class=\"elementor-column elementor-col-33 elementor-top-column elementor-element elementor-element-b5miei3\" data-id=\"b5miei3\" data-element_type=\"column\">\n\t\t\t<div class=\"elementor-widget-wrap elementor-element-populated\">\n\t\t\t\t\t\t<section class=\"elementor-section elementor-inner-section elementor-element elementor-element-0pb22eh elementor-section-boxed elementor-section-height-default elementor-section-height-default\" data-id=\"0pb22eh\" data-element_type=\"section\">\n\t\t\t\t\t\t<div class=\"elementor-container elementor-column-gap-default\">\n\t\t\t\t\t<div class=\"elementor-column elementor-col-100 elementor-inner-column elementor-element elementor-element-exm6y6k\" data-id=\"exm6y6k\" data-element_type=\"column\">\n\t\t\t<div class=\"elementor-widget-wrap elementor-element-populated\">\n\t\t\t\t\t\t<div class=\"elementor-element elementor-element-b2rhn6m elementor-widget elementor-widget-heading\" data-id=\"b2rhn6m\" data-element_type=\"widget\" data-widget_type=\"heading.default\">\n\t\t\t\t<div class=\"elementor-widget-container\">\n\t\t\t\t\t<h2 class=\"elementor-heading-title elementor-size-default\">Equipamento Para Desportos Aqu\u00e1ticos<\/h2>\t\t\t\t<\/div>\n\t\t\t\t<\/div>\n\t\t\t\t<div class=\"elementor-element elementor-element-ej5mhto text-shadow elementor-icon-list--layout-traditional elementor-list-item-link-full_width elementor-widget elementor-widget-icon-list\" data-id=\"ej5mhto\" data-element_type=\"widget\" data-widget_type=\"icon-list.default\">\n\t\t\t\t<div class=\"elementor-widget-container\">\n\t\t\t\t\t\t\t<ul class=\"elementor-icon-list-items\">\n\t\t\t\t\t\t\t<li class=\"elementor-icon-list-item\">\n\t\t\t\t\t\t\t\t\t\t\t<span class=\"elementor-icon-list-icon\">\n\t\t\t\t\t\t\t<i aria-hidden=\"true\" class=\"fas fa-check\"><\/i>\t\t\t\t\t\t<\/span>\n\t\t\t\t\t\t\t\t\t\t<span class=\"elementor-icon-list-text\">Fatos T\u00e9rmicos<\/span>\n\t\t\t\t\t\t\t\t\t<\/li>\n\t\t\t\t\t\t\t\t<li class=\"elementor-icon-list-item\">\n\t\t\t\t\t\t\t\t\t\t\t<span class=\"elementor-icon-list-icon\">\n\t\t\t\t\t\t\t<i aria-hidden=\"true\" class=\"fas fa-check\"><\/i>\t\t\t\t\t\t<\/span>\n\t\t\t\t\t\t\t\t\t\t<span class=\"elementor-icon-list-text\">Pranchas de Surf<\/span>\n\t\t\t\t\t\t\t\t\t<\/li>\n\t\t\t\t\t\t\t\t<li class=\"elementor-icon-list-item\">\n\t\t\t\t\t\t\t\t\t\t\t<span class=\"elementor-icon-list-icon\">\n\t\t\t\t\t\t\t<i aria-hidden=\"true\" class=\"fas fa-check\"><\/i>\t\t\t\t\t\t<\/span>\n\t\t\t\t\t\t\t\t\t\t<span class=\"elementor-icon-list-text\">Kit de Bodyboard<\/span>\n\t\t\t\t\t\t\t\t\t<\/li>\n\t\t\t\t\t\t\t\t<li class=\"elementor-icon-list-item\">\n\t\t\t\t\t\t\t\t\t\t\t<span class=\"elementor-icon-list-icon\">\n\t\t\t\t\t\t\t<i aria-hidden=\"true\" class=\"fas fa-check\"><\/i>\t\t\t\t\t\t<\/span>\n\t\t\t\t\t\t\t\t\t\t<span class=\"elementor-icon-list-text\">Kit de SUP<\/span>\n\t\t\t\t\t\t\t\t\t<\/li>\n\t\t\t\t\t\t<\/ul>\n\t\t\t\t\t\t<\/div>\n\t\t\t\t<\/div>\n\t\t\t\t\t<\/div>\n\t\t<\/div>\n\t\t\t\t\t<\/div>\n\t\t<\/section>\n\t\t\t\t\t<\/div>\n\t\t<\/div>\n\t\t\t\t<div class=\"elementor-column elementor-col-33 elementor-top-column elementor-element elementor-element-yndo4jk\" data-id=\"yndo4jk\" data-element_type=\"column\">\n\t\t\t<div class=\"elementor-widget-wrap elementor-element-populated\">\n\t\t\t\t\t\t<div class=\"elementor-element elementor-element-vcj6uxe elementor-arrows-position-outside elementor-widget elementor-widget-image-carousel\" data-id=\"vcj6uxe\" data-element_type=\"widget\" data-settings=\"{&quot;slides_to_show&quot;:&quot;1&quot;,&quot;navigation&quot;:&quot;arrows&quot;,&quot;autoplay_speed&quot;:2500,&quot;effect&quot;:&quot;fade&quot;,&quot;slides_to_show_mobile&quot;:&quot;1&quot;,&quot;autoplay&quot;:&quot;yes&quot;,&quot;pause_on_hover&quot;:&quot;yes&quot;,&quot;pause_on_interaction&quot;:&quot;yes&quot;,&quot;infinite&quot;:&quot;yes&quot;,&quot;speed&quot;:500}\" data-widget_type=\"image-carousel.default\">\n\t\t\t\t<div class=\"elementor-widget-container\">\n\t\t\t\t\t\t\t<div class=\"elementor-image-carousel-wrapper swiper\" role=\"region\" aria-roledescription=\"carousel\" aria-label=\"Carrossel de imagens\" dir=\"ltr\">\n\t\t\t<div class=\"elementor-image-carousel swiper-wrapper\" aria-live=\"off\">\n\t\t\t\t\t\t\t\t<div class=\"swiper-slide\" role=\"group\" aria-roledescription=\"slide\" aria-label=\"1 of 4\"><figure class=\"swiper-slide-inner\"><img decoding=\"async\" class=\"swiper-slide-image\" src=\"https:\/\/the-getaway-van.com\/wp-content\/uploads\/2017\/10\/surfboard-rental.png\" alt=\"Pranchas de Surf\" \/><\/figure><\/div><div class=\"swiper-slide\" role=\"group\" aria-roledescription=\"slide\" aria-label=\"2 of 4\"><figure class=\"swiper-slide-inner\"><img decoding=\"async\" class=\"swiper-slide-image\" src=\"https:\/\/the-getaway-van.com\/wp-content\/uploads\/2017\/10\/supboards.png\" alt=\"Pranchas\" \/><\/figure><\/div><div class=\"swiper-slide\" role=\"group\" aria-roledescription=\"slide\" aria-label=\"3 of 4\"><figure class=\"swiper-slide-inner\"><img decoding=\"async\" class=\"swiper-slide-image\" src=\"https:\/\/the-getaway-van.com\/wp-content\/uploads\/2017\/10\/wetsuits-1.png\" alt=\"Fatos T\u00e9rmicos\" \/><\/figure><\/div><div class=\"swiper-slide\" role=\"group\" aria-roledescription=\"slide\" aria-label=\"4 of 4\"><figure class=\"swiper-slide-inner\"><img decoding=\"async\" class=\"swiper-slide-image\" src=\"https:\/\/the-getaway-van.com\/wp-content\/uploads\/2019\/12\/Pranchas_SUP.png\" alt=\"SUP Boards\" \/><\/figure><\/div>\t\t\t<\/div>\n\t\t\t\t\t\t\t\t\t\t\t\t<div class=\"elementor-swiper-button elementor-swiper-button-prev\" role=\"button\" tabindex=\"0\">\n\t\t\t\t\t\t<i aria-hidden=\"true\" class=\"eicon-chevron-left\"><\/i>\t\t\t\t\t<\/div>\n\t\t\t\t\t<div class=\"elementor-swiper-button elementor-swiper-button-next\" role=\"button\" tabindex=\"0\">\n\t\t\t\t\t\t<i aria-hidden=\"true\" class=\"eicon-chevron-right\"><\/i>\t\t\t\t\t<\/div>\n\t\t\t\t\n\t\t\t\t\t\t\t\t\t<\/div>\n\t\t\t\t\t\t<\/div>\n\t\t\t\t<\/div>\n\t\t\t\t\t<\/div>\n\t\t<\/div>\n\t\t\t\t\t<\/div>\n\t\t<\/section>\n\t\t\t\t<section class=\"elementor-section elementor-top-section elementor-element elementor-element-11p8yqa elementor-section-content-middle elementor-section-boxed elementor-section-height-default elementor-section-height-default\" data-id=\"11p8yqa\" data-element_type=\"section\">\n\t\t\t\t\t\t<div class=\"elementor-container elementor-column-gap-default\">\n\t\t\t\t\t<div class=\"elementor-column elementor-col-33 elementor-top-column elementor-element elementor-element-44954b9\" data-id=\"44954b9\" data-element_type=\"column\">\n\t\t\t<div class=\"elementor-widget-wrap\">\n\t\t\t\t\t\t\t<\/div>\n\t\t<\/div>\n\t\t\t\t<div class=\"elementor-column elementor-col-33 elementor-top-column elementor-element elementor-element-eoxb06g\" data-id=\"eoxb06g\" data-element_type=\"column\">\n\t\t\t<div class=\"elementor-widget-wrap elementor-element-populated\">\n\t\t\t\t\t\t<div class=\"elementor-element elementor-element-7tl1bug elementor-arrows-position-outside elementor-widget elementor-widget-image-carousel\" data-id=\"7tl1bug\" data-element_type=\"widget\" data-settings=\"{&quot;slides_to_show&quot;:&quot;1&quot;,&quot;navigation&quot;:&quot;arrows&quot;,&quot;autoplay_speed&quot;:2500,&quot;autoplay&quot;:&quot;yes&quot;,&quot;pause_on_hover&quot;:&quot;yes&quot;,&quot;pause_on_interaction&quot;:&quot;yes&quot;,&quot;infinite&quot;:&quot;yes&quot;,&quot;effect&quot;:&quot;slide&quot;,&quot;speed&quot;:500}\" data-widget_type=\"image-carousel.default\">\n\t\t\t\t<div class=\"elementor-widget-container\">\n\t\t\t\t\t\t\t<div class=\"elementor-image-carousel-wrapper swiper\" role=\"region\" aria-roledescription=\"carousel\" aria-label=\"Carrossel de imagens\" dir=\"ltr\">\n\t\t\t<div class=\"elementor-image-carousel swiper-wrapper swiper-image-stretch\" aria-live=\"off\">\n\t\t\t\t\t\t\t\t<div class=\"swiper-slide\" role=\"group\" aria-roledescription=\"slide\" aria-label=\"1 of 4\"><figure class=\"swiper-slide-inner\"><img decoding=\"async\" class=\"swiper-slide-image\" src=\"https:\/\/the-getaway-van.com\/wp-content\/uploads\/2019\/12\/Trekking-Bike-Man-2-768x585.jpg\" alt=\"Trekking Bike Man\" \/><\/figure><\/div><div class=\"swiper-slide\" role=\"group\" aria-roledescription=\"slide\" aria-label=\"2 of 4\"><figure class=\"swiper-slide-inner\"><img decoding=\"async\" class=\"swiper-slide-image\" src=\"https:\/\/the-getaway-van.com\/wp-content\/uploads\/2019\/12\/Trekking-Bike-Woman-2-768x585.jpg\" alt=\"Trekking Bike Woman\" \/><\/figure><\/div><div class=\"swiper-slide\" role=\"group\" aria-roledescription=\"slide\" aria-label=\"3 of 4\"><figure class=\"swiper-slide-inner\"><img decoding=\"async\" class=\"swiper-slide-image\" src=\"https:\/\/the-getaway-van.com\/wp-content\/uploads\/2019\/12\/Mountain-Bike-2-768x585.jpg\" alt=\"Mountain Bike\" \/><\/figure><\/div><div class=\"swiper-slide\" role=\"group\" aria-roledescription=\"slide\" aria-label=\"4 of 4\"><figure class=\"swiper-slide-inner\"><img decoding=\"async\" class=\"swiper-slide-image\" src=\"https:\/\/the-getaway-van.com\/wp-content\/uploads\/2019\/12\/Electric-bike-768x649.jpg\" alt=\"Electric bike\" \/><\/figure><\/div>\t\t\t<\/div>\n\t\t\t\t\t\t\t\t\t\t\t\t<div class=\"elementor-swiper-button elementor-swiper-button-prev\" role=\"button\" tabindex=\"0\">\n\t\t\t\t\t\t<i aria-hidden=\"true\" class=\"eicon-chevron-left\"><\/i>\t\t\t\t\t<\/div>\n\t\t\t\t\t<div class=\"elementor-swiper-button elementor-swiper-button-next\" role=\"button\" tabindex=\"0\">\n\t\t\t\t\t\t<i aria-hidden=\"true\" class=\"eicon-chevron-right\"><\/i>\t\t\t\t\t<\/div>\n\t\t\t\t\n\t\t\t\t\t\t\t\t\t<\/div>\n\t\t\t\t\t\t<\/div>\n\t\t\t\t<\/div>\n\t\t\t\t\t<\/div>\n\t\t<\/div>\n\t\t\t\t<div class=\"elementor-column elementor-col-33 elementor-top-column elementor-element elementor-element-z82gazb\" data-id=\"z82gazb\" data-element_type=\"column\">\n\t\t\t<div class=\"elementor-widget-wrap elementor-element-populated\">\n\t\t\t\t\t\t<div class=\"elementor-element elementor-element-f311479 elementor-widget elementor-widget-heading\" data-id=\"f311479\" data-element_type=\"widget\" data-widget_type=\"heading.default\">\n\t\t\t\t<div class=\"elementor-widget-container\">\n\t\t\t\t\t<h2 class=\"elementor-heading-title elementor-size-default\">Companheiros de 2 Rodas <\/h2>\t\t\t\t<\/div>\n\t\t\t\t<\/div>\n\t\t\t\t<div class=\"elementor-element elementor-element-96753ac elementor-widget elementor-widget-heading\" data-id=\"96753ac\" data-element_type=\"widget\" data-widget_type=\"heading.default\">\n\t\t\t\t<div class=\"elementor-widget-container\">\n\t\t\t\t\t<h3 class=\"elementor-heading-title elementor-size-default\">(homem \/ mulher) <\/h3>\t\t\t\t<\/div>\n\t\t\t\t<\/div>\n\t\t\t\t<div class=\"elementor-element elementor-element-da48142 text-shadow elementor-icon-list--layout-traditional elementor-list-item-link-full_width elementor-widget elementor-widget-icon-list\" data-id=\"da48142\" data-element_type=\"widget\" data-widget_type=\"icon-list.default\">\n\t\t\t\t<div class=\"elementor-widget-container\">\n\t\t\t\t\t\t\t<ul class=\"elementor-icon-list-items\">\n\t\t\t\t\t\t\t<li class=\"elementor-icon-list-item\">\n\t\t\t\t\t\t\t\t\t\t\t<span class=\"elementor-icon-list-icon\">\n\t\t\t\t\t\t\t<i aria-hidden=\"true\" class=\"fas fa-check\"><\/i>\t\t\t\t\t\t<\/span>\n\t\t\t\t\t\t\t\t\t\t<span class=\"elementor-icon-list-text\">Bicicletas de Cidade <\/span>\n\t\t\t\t\t\t\t\t\t<\/li>\n\t\t\t\t\t\t\t\t<li class=\"elementor-icon-list-item\">\n\t\t\t\t\t\t\t\t\t\t\t<span class=\"elementor-icon-list-icon\">\n\t\t\t\t\t\t\t<i aria-hidden=\"true\" class=\"fas fa-check\"><\/i>\t\t\t\t\t\t<\/span>\n\t\t\t\t\t\t\t\t\t\t<span class=\"elementor-icon-list-text\">Bicicletas de Trekking<\/span>\n\t\t\t\t\t\t\t\t\t<\/li>\n\t\t\t\t\t\t\t\t<li class=\"elementor-icon-list-item\">\n\t\t\t\t\t\t\t\t\t\t\t<span class=\"elementor-icon-list-icon\">\n\t\t\t\t\t\t\t<i aria-hidden=\"true\" class=\"fas fa-check\"><\/i>\t\t\t\t\t\t<\/span>\n\t\t\t\t\t\t\t\t\t\t<span class=\"elementor-icon-list-text\">Bicicletas de Montanha<\/span>\n\t\t\t\t\t\t\t\t\t<\/li>\n\t\t\t\t\t\t\t\t<li class=\"elementor-icon-list-item\">\n\t\t\t\t\t\t\t\t\t\t\t<span class=\"elementor-icon-list-icon\">\n\t\t\t\t\t\t\t<i aria-hidden=\"true\" class=\"fas fa-check\"><\/i>\t\t\t\t\t\t<\/span>\n\t\t\t\t\t\t\t\t\t\t<span class=\"elementor-icon-list-text\">Bicicletas El\u00e9tricas<\/span>\n\t\t\t\t\t\t\t\t\t<\/li>\n\t\t\t\t\t\t\t\t<li class=\"elementor-icon-list-item\">\n\t\t\t\t\t\t\t\t\t\t\t<span class=\"elementor-icon-list-icon\">\n\t\t\t\t\t\t\t<i aria-hidden=\"true\" class=\"fas fa-check\"><\/i>\t\t\t\t\t\t<\/span>\n\t\t\t\t\t\t\t\t\t\t<span class=\"elementor-icon-list-text\">Bicicletas para Crian\u00e7as<\/span>\n\t\t\t\t\t\t\t\t\t<\/li>\n\t\t\t\t\t\t<\/ul>\n\t\t\t\t\t\t<\/div>\n\t\t\t\t<\/div>\n\t\t\t\t\t<\/div>\n\t\t<\/div>\n\t\t\t\t\t<\/div>\n\t\t<\/section>\n\t\t\t\t<footer class=\"elementor-section elementor-top-section elementor-element elementor-element-8v6673w elementor-section-stretched elementor-section-height-min-height elementor-section-content-middle elementor-section-boxed elementor-section-height-default elementor-section-items-middle\" data-id=\"8v6673w\" data-element_type=\"section\" data-settings=\"{&quot;stretch_section&quot;:&quot;section-stretched&quot;,&quot;background_background&quot;:&quot;classic&quot;,&quot;shape_divider_top&quot;:&quot;tilt&quot;,&quot;shape_divider_bottom&quot;:&quot;opacity-tilt&quot;}\">\n\t\t\t\t\t<div class=\"elementor-shape elementor-shape-top\" data-negative=\"false\">\n\t\t\t<svg xmlns=\"http:\/\/www.w3.org\/2000\/svg\" viewBox=\"0 0 1000 100\" preserveAspectRatio=\"none\">\n\t<path class=\"elementor-shape-fill\" d=\"M0,6V0h1000v100L0,6z\"\/>\n<\/svg>\t\t<\/div>\n\t\t\t\t<div class=\"elementor-shape elementor-shape-bottom\" data-negative=\"false\">\n\t\t\t<svg xmlns=\"http:\/\/www.w3.org\/2000\/svg\" viewBox=\"0 0 2600 131.1\" preserveAspectRatio=\"none\">\n\t<path class=\"elementor-shape-fill\" d=\"M0 0L2600 0 2600 69.1 0 0z\"\/>\n\t<path class=\"elementor-shape-fill\" style=\"opacity:0.5\" d=\"M0 0L2600 0 2600 69.1 0 69.1z\"\/>\n\t<path class=\"elementor-shape-fill\" style=\"opacity:0.25\" d=\"M2600 0L0 0 0 130.1 2600 69.1z\"\/>\n<\/svg>\t\t<\/div>\n\t\t\t\t\t<div class=\"elementor-container elementor-column-gap-default\">\n\t\t\t\t\t<div class=\"elementor-column elementor-col-100 elementor-top-column elementor-element elementor-element-tbaanbr\" data-id=\"tbaanbr\" data-element_type=\"column\">\n\t\t\t<div class=\"elementor-widget-wrap\">\n\t\t\t\t\t\t\t<\/div>\n\t\t<\/div>\n\t\t\t\t\t<\/div>\n\t\t<\/footer>\n\t\t\t\t<\/div>\n\t\t","protected":false},"excerpt":{"rendered":"<p>Casa \u00e9 onde eu carrego o telem\u00f3vel&#8230; Tudo o que necessita a cada passo da viagem. Temos uma variedade extras super pr\u00e1ticos que ir\u00e3o elevar a sua experi\u00eancia a outro patamar. Adicone outras 2 rodas \u00e0s suas 4 rodas Uma bicicleta continua a ser uma das melhores formas de se deslocar em qualquer centro hist\u00f3rico. [&hellip;]<\/p>\n","protected":false},"author":1,"featured_media":0,"parent":0,"menu_order":146,"comment_status":"closed","ping_status":"closed","template":"","meta":{"_acf_changed":false,"footnotes":""},"class_list":["post-5625","page","type-page","status-publish","hentry"],"acf":[],"yoast_head":"<!-- This site is optimized with the Yoast SEO plugin v24.4 - https:\/\/yoast.com\/wordpress\/plugins\/seo\/ -->\n<title>Extras que pode adicionar ao seu aluguer com a The Getaway Van.<\/title>\n<meta name=\"description\" content=\"Estes extras permitem-lhe ajustar a viagem ao seu gosto. Diga-nos o que deseja levar e, \u00e0 sua chegada, ir\u00e1 encontrar isso na van.\" \/>\n<meta name=\"robots\" content=\"index, follow, max-snippet:-1, max-image-preview:large, max-video-preview:-1\" \/>\n<link rel=\"canonical\" href=\"https:\/\/the-getaway-van.com\/pt-pt\/extras\/\" \/>\n<meta property=\"og:locale\" content=\"pt_PT\" \/>\n<meta property=\"og:type\" content=\"article\" \/>\n<meta property=\"og:title\" content=\"Extras que pode adicionar ao seu aluguer com a The Getaway Van.\" \/>\n<meta property=\"og:description\" content=\"Estes extras permitem-lhe ajustar a viagem ao seu gosto. Diga-nos o que deseja levar e, \u00e0 sua chegada, ir\u00e1 encontrar isso na van.\" \/>\n<meta property=\"og:url\" content=\"https:\/\/the-getaway-van.com\/pt-pt\/extras\/\" \/>\n<meta property=\"og:site_name\" content=\"The Getaway Van\" \/>\n<meta property=\"article:publisher\" content=\"https:\/\/www.facebook.com\/getawayvan\/\" \/>\n<meta property=\"article:modified_time\" content=\"2021-04-13T13:59:11+00:00\" \/>\n<meta property=\"og:image\" content=\"https:\/\/the-getaway-van.com\/wp-content\/uploads\/2020\/01\/campervan-com-extras.png\" \/>\n\t<meta property=\"og:image:width\" content=\"1200\" \/>\n\t<meta property=\"og:image:height\" content=\"630\" \/>\n\t<meta property=\"og:image:type\" content=\"image\/png\" \/>\n<meta name=\"twitter:card\" content=\"summary_large_image\" \/>\n<meta name=\"twitter:site\" content=\"@getaway_van\" \/>\n<meta name=\"twitter:label1\" content=\"Tempo estimado de leitura\" \/>\n\t<meta name=\"twitter:data1\" content=\"1 minuto\" \/>\n<script type=\"application\/ld+json\" class=\"yoast-schema-graph\">{\"@context\":\"https:\/\/schema.org\",\"@graph\":[{\"@type\":\"WebPage\",\"@id\":\"https:\/\/the-getaway-van.com\/pt-pt\/extras\/\",\"url\":\"https:\/\/the-getaway-van.com\/pt-pt\/extras\/\",\"name\":\"Extras que pode adicionar ao seu aluguer com a The Getaway Van.\",\"isPartOf\":{\"@id\":\"https:\/\/the-getaway-van.com\/pt-pt\/#website\"},\"primaryImageOfPage\":{\"@id\":\"https:\/\/the-getaway-van.com\/pt-pt\/extras\/#primaryimage\"},\"image\":{\"@id\":\"https:\/\/the-getaway-van.com\/pt-pt\/extras\/#primaryimage\"},\"thumbnailUrl\":\"https:\/\/the-getaway-van.com\/wp-content\/uploads\/2017\/10\/surfboard-rental.png\",\"datePublished\":\"2017-03-06T18:22:50+00:00\",\"dateModified\":\"2021-04-13T13:59:11+00:00\",\"description\":\"Estes extras permitem-lhe ajustar a viagem ao seu gosto. Diga-nos o que deseja levar e, \u00e0 sua chegada, ir\u00e1 encontrar isso na van.\",\"breadcrumb\":{\"@id\":\"https:\/\/the-getaway-van.com\/pt-pt\/extras\/#breadcrumb\"},\"inLanguage\":\"pt-PT\",\"potentialAction\":[{\"@type\":\"ReadAction\",\"target\":[\"https:\/\/the-getaway-van.com\/pt-pt\/extras\/\"]}]},{\"@type\":\"ImageObject\",\"inLanguage\":\"pt-PT\",\"@id\":\"https:\/\/the-getaway-van.com\/pt-pt\/extras\/#primaryimage\",\"url\":\"https:\/\/the-getaway-van.com\/wp-content\/uploads\/2017\/10\/surfboard-rental.png\",\"contentUrl\":\"https:\/\/the-getaway-van.com\/wp-content\/uploads\/2017\/10\/surfboard-rental.png\"},{\"@type\":\"BreadcrumbList\",\"@id\":\"https:\/\/the-getaway-van.com\/pt-pt\/extras\/#breadcrumb\",\"itemListElement\":[{\"@type\":\"ListItem\",\"position\":1,\"name\":\"Home\",\"item\":\"https:\/\/the-getaway-van.com\/pt-pt\/campervan-rental\/\"},{\"@type\":\"ListItem\",\"position\":2,\"name\":\"Extras que pode adicionar ao seu aluguer com a The Getaway Van.\"}]},{\"@type\":\"WebSite\",\"@id\":\"https:\/\/the-getaway-van.com\/pt-pt\/#website\",\"url\":\"https:\/\/the-getaway-van.com\/pt-pt\/\",\"name\":\"The Getaway Van\",\"description\":\"Aluguer de Autocaravanas\",\"publisher\":{\"@id\":\"https:\/\/the-getaway-van.com\/pt-pt\/#organization\"},\"potentialAction\":[{\"@type\":\"SearchAction\",\"target\":{\"@type\":\"EntryPoint\",\"urlTemplate\":\"https:\/\/the-getaway-van.com\/pt-pt\/?s={search_term_string}\"},\"query-input\":{\"@type\":\"PropertyValueSpecification\",\"valueRequired\":true,\"valueName\":\"search_term_string\"}}],\"inLanguage\":\"pt-PT\"},{\"@type\":\"Organization\",\"@id\":\"https:\/\/the-getaway-van.com\/pt-pt\/#organization\",\"name\":\"The Getaway Van\",\"url\":\"https:\/\/the-getaway-van.com\/pt-pt\/\",\"logo\":{\"@type\":\"ImageObject\",\"inLanguage\":\"pt-PT\",\"@id\":\"https:\/\/the-getaway-van.com\/pt-pt\/#\/schema\/logo\/image\/\",\"url\":\"https:\/\/the-getaway-van.com\/wp-content\/uploads\/2020\/02\/TGV-logo.png\",\"contentUrl\":\"https:\/\/the-getaway-van.com\/wp-content\/uploads\/2020\/02\/TGV-logo.png\",\"width\":512,\"height\":512,\"caption\":\"The Getaway Van\"},\"image\":{\"@id\":\"https:\/\/the-getaway-van.com\/pt-pt\/#\/schema\/logo\/image\/\"},\"sameAs\":[\"https:\/\/www.facebook.com\/getawayvan\/\",\"https:\/\/x.com\/getaway_van\",\"https:\/\/www.instagram.com\/getawayvan\/\",\"https:\/\/www.linkedin.com\/company\/the-getaway-van\/\",\"https:\/\/www.pinterest.co.uk\/getawayvan\/\",\"https:\/\/www.youtube.com\/channel\/UCJwXGtMRaMw2D2NyDSW7slA\/\"]}]}<\/script>\n<!-- \/ Yoast SEO plugin. -->","yoast_head_json":{"title":"Extras que pode adicionar ao seu aluguer com a The Getaway Van.","description":"Estes extras permitem-lhe ajustar a viagem ao seu gosto. Diga-nos o que deseja levar e, \u00e0 sua chegada, ir\u00e1 encontrar isso na van.","robots":{"index":"index","follow":"follow","max-snippet":"max-snippet:-1","max-image-preview":"max-image-preview:large","max-video-preview":"max-video-preview:-1"},"canonical":"https:\/\/the-getaway-van.com\/pt-pt\/extras\/","og_locale":"pt_PT","og_type":"article","og_title":"Extras que pode adicionar ao seu aluguer com a The Getaway Van.","og_description":"Estes extras permitem-lhe ajustar a viagem ao seu gosto. Diga-nos o que deseja levar e, \u00e0 sua chegada, ir\u00e1 encontrar isso na van.","og_url":"https:\/\/the-getaway-van.com\/pt-pt\/extras\/","og_site_name":"The Getaway Van","article_publisher":"https:\/\/www.facebook.com\/getawayvan\/","article_modified_time":"2021-04-13T13:59:11+00:00","og_image":[{"width":1200,"height":630,"url":"https:\/\/the-getaway-van.com\/wp-content\/uploads\/2020\/01\/campervan-com-extras.png","type":"image\/png"}],"twitter_card":"summary_large_image","twitter_site":"@getaway_van","twitter_misc":{"Tempo estimado de leitura":"1 minuto"},"schema":{"@context":"https:\/\/schema.org","@graph":[{"@type":"WebPage","@id":"https:\/\/the-getaway-van.com\/pt-pt\/extras\/","url":"https:\/\/the-getaway-van.com\/pt-pt\/extras\/","name":"Extras que pode adicionar ao seu aluguer com a The Getaway Van.","isPartOf":{"@id":"https:\/\/the-getaway-van.com\/pt-pt\/#website"},"primaryImageOfPage":{"@id":"https:\/\/the-getaway-van.com\/pt-pt\/extras\/#primaryimage"},"image":{"@id":"https:\/\/the-getaway-van.com\/pt-pt\/extras\/#primaryimage"},"thumbnailUrl":"https:\/\/the-getaway-van.com\/wp-content\/uploads\/2017\/10\/surfboard-rental.png","datePublished":"2017-03-06T18:22:50+00:00","dateModified":"2021-04-13T13:59:11+00:00","description":"Estes extras permitem-lhe ajustar a viagem ao seu gosto. Diga-nos o que deseja levar e, \u00e0 sua chegada, ir\u00e1 encontrar isso na van.","breadcrumb":{"@id":"https:\/\/the-getaway-van.com\/pt-pt\/extras\/#breadcrumb"},"inLanguage":"pt-PT","potentialAction":[{"@type":"ReadAction","target":["https:\/\/the-getaway-van.com\/pt-pt\/extras\/"]}]},{"@type":"ImageObject","inLanguage":"pt-PT","@id":"https:\/\/the-getaway-van.com\/pt-pt\/extras\/#primaryimage","url":"https:\/\/the-getaway-van.com\/wp-content\/uploads\/2017\/10\/surfboard-rental.png","contentUrl":"https:\/\/the-getaway-van.com\/wp-content\/uploads\/2017\/10\/surfboard-rental.png"},{"@type":"BreadcrumbList","@id":"https:\/\/the-getaway-van.com\/pt-pt\/extras\/#breadcrumb","itemListElement":[{"@type":"ListItem","position":1,"name":"Home","item":"https:\/\/the-getaway-van.com\/pt-pt\/campervan-rental\/"},{"@type":"ListItem","position":2,"name":"Extras que pode adicionar ao seu aluguer com a The Getaway Van."}]},{"@type":"WebSite","@id":"https:\/\/the-getaway-van.com\/pt-pt\/#website","url":"https:\/\/the-getaway-van.com\/pt-pt\/","name":"The Getaway Van","description":"Aluguer de Autocaravanas","publisher":{"@id":"https:\/\/the-getaway-van.com\/pt-pt\/#organization"},"potentialAction":[{"@type":"SearchAction","target":{"@type":"EntryPoint","urlTemplate":"https:\/\/the-getaway-van.com\/pt-pt\/?s={search_term_string}"},"query-input":{"@type":"PropertyValueSpecification","valueRequired":true,"valueName":"search_term_string"}}],"inLanguage":"pt-PT"},{"@type":"Organization","@id":"https:\/\/the-getaway-van.com\/pt-pt\/#organization","name":"The Getaway Van","url":"https:\/\/the-getaway-van.com\/pt-pt\/","logo":{"@type":"ImageObject","inLanguage":"pt-PT","@id":"https:\/\/the-getaway-van.com\/pt-pt\/#\/schema\/logo\/image\/","url":"https:\/\/the-getaway-van.com\/wp-content\/uploads\/2020\/02\/TGV-logo.png","contentUrl":"https:\/\/the-getaway-van.com\/wp-content\/uploads\/2020\/02\/TGV-logo.png","width":512,"height":512,"caption":"The Getaway Van"},"image":{"@id":"https:\/\/the-getaway-van.com\/pt-pt\/#\/schema\/logo\/image\/"},"sameAs":["https:\/\/www.facebook.com\/getawayvan\/","https:\/\/x.com\/getaway_van","https:\/\/www.instagram.com\/getawayvan\/","https:\/\/www.linkedin.com\/company\/the-getaway-van\/","https:\/\/www.pinterest.co.uk\/getawayvan\/","https:\/\/www.youtube.com\/channel\/UCJwXGtMRaMw2D2NyDSW7slA\/"]}]}},"_links":{"self":[{"href":"https:\/\/the-getaway-van.com\/pt-pt\/wp-json\/wp\/v2\/pages\/5625","targetHints":{"allow":["GET"]}}],"collection":[{"href":"https:\/\/the-getaway-van.com\/pt-pt\/wp-json\/wp\/v2\/pages"}],"about":[{"href":"https:\/\/the-getaway-van.com\/pt-pt\/wp-json\/wp\/v2\/types\/page"}],"author":[{"embeddable":true,"href":"https:\/\/the-getaway-van.com\/pt-pt\/wp-json\/wp\/v2\/users\/1"}],"replies":[{"embeddable":true,"href":"https:\/\/the-getaway-van.com\/pt-pt\/wp-json\/wp\/v2\/comments?post=5625"}],"version-history":[{"count":0,"href":"https:\/\/the-getaway-van.com\/pt-pt\/wp-json\/wp\/v2\/pages\/5625\/revisions"}],"wp:attachment":[{"href":"https:\/\/the-getaway-van.com\/pt-pt\/wp-json\/wp\/v2\/media?parent=5625"}],"curies":[{"name":"wp","href":"https:\/\/api.w.org\/{rel}","templated":true}]}}